{"id":4712,"date":"2021-08-30T17:31:39","date_gmt":"2021-08-30T20:31:39","guid":{"rendered":"http:\/\/desenvolvimento.dep.ufscar.br\/?page_id=4712"},"modified":"2021-09-27T18:51:25","modified_gmt":"2021-09-27T21:51:25","slug":"grupos-de-pesquisa-e-extensao-gpo","status":"publish","type":"page","link":"https:\/\/dep.ufscar.br\/index.php\/grupos-de-pesquisa-e-extensao-gpo\/","title":{"rendered":"GRUPOS DE PESQUISA E EXTENS\u00c3O &#8211; GPO"},"content":{"rendered":"<p>[vc_row rt_row_background_width=&#8221;fullwidth&#8221; rt_row_content_width=&#8221;default&#8221; rt_row_style=&#8221;alt-style-2&#8243; rt_column_placement=&#8221;middle&#8221; rt_row_borders=&#8221;&#8221; rt_row_shadows=&#8221;&#8221; rt_row_paddings=&#8221;true&#8221; rt_bg_effect=&#8221;classic&#8221; rt_bg_image_repeat=&#8221;repeat&#8221; rt_bg_size=&#8221;cover&#8221; rt_bg_position=&#8221;center center&#8221; rt_bg_attachment=&#8221;scroll&#8221; rt_bg_video_format=&#8221;youtube&#8221; rt_padding_top=&#8221;100&#8243; rt_bg_image=&#8221;3300&#8243; rt_row_height=&#8221;450&#8243; rt_bg_overlay_color=&#8221;rgba(0,0,0,0.2)&#8221;][vc_column rt_column_shadow=&#8221;&#8221; rt_bg_image_repeat=&#8221;repeat&#8221; rt_bg_size=&#8221;auto auto&#8221; rt_bg_attachment=&#8221;scroll&#8221; rt_bg_color=&#8221;&#8221; rt_bg_overlay_color=&#8221;&#8221; rt_padding_top=&#8221;140&#8243;]<div class=\"rt_heading_wrapper style-1\">\n\t\t\t\t\t\t<h1 class=\"rt_heading texto-sombra with_punchline style-1\"  style=\"font-size:44px;\" data-maxfont-size=\"44\" data-minfont-size=\"38\"><span class=\"punchline\">GRUPOS DE PESQUISA E EXTENS\u00c3O<\/span>GPO \u2013 Grupo de Estudos em Pesquisa Operacional<\/h1>\n\t\t\t\t\t<\/div>[\/vc_column][\/vc_row][vc_row rt_row_background_width=&#8221;fullwidth&#8221; rt_row_content_width=&#8221;default&#8221; rt_row_style=&#8221;default-style&#8221; rt_column_placement=&#8221;middle&#8221; rt_row_borders=&#8221;bottom&#8221; rt_row_shadows=&#8221;bottom&#8221; rt_row_paddings=&#8221;true&#8221; rt_bg_effect=&#8221;classic&#8221; rt_bg_image_repeat=&#8221;repeat&#8221; rt_bg_size=&#8221;cover&#8221; rt_bg_position=&#8221;right top&#8221; rt_bg_attachment=&#8221;scroll&#8221; rt_bg_video_format=&#8221;self-hosted&#8221; rt_padding_top=&#8221;60&#8243; rt_padding_bottom=&#8221;60&#8243;][vc_column rt_column_shadow=&#8221;&#8221; rt_bg_image_repeat=&#8221;repeat&#8221; rt_bg_size=&#8221;auto auto&#8221; rt_bg_attachment=&#8221;scroll&#8221;]<div class=\"rt_heading_wrapper style-3\">\n\t\t\t\t\t\t<h2 class=\"rt_heading  style-3\" >Apresenta\u00e7\u00e3o<\/h2>\n\t\t\t\t\t<\/div>[vc_empty_space height=&#8221;30px&#8221;][vc_column_text]<\/p>\n<p style=\"text-align: justify;\">O GPO \u00e9 um grupo de pesquisa, ensino e extens\u00e3o (assessoria) com o objetivo de estudar, desenvolver e aplicar modelos, m\u00e9todos e t\u00e9cnicas de Pesquisa Operacional para apoiar decis\u00f5es em sistemas de produ\u00e7\u00e3o e log\u00edstica. Exemplos de problemas estudados incluem: problemas de planejamento e controle da produ\u00e7\u00e3o, problemas de projeto e planejamento de sistemas de manufatura e redes log\u00edsticas, problemas de configura\u00e7\u00e3o e opera\u00e7\u00e3o de sistemas de atendimento m\u00e9dico emergencial, problemas de dimensionamento e sequenciamento de lotes de produ\u00e7\u00e3o, problemas de roteiriza\u00e7\u00e3o programa\u00e7\u00e3o de ve\u00edculos, problemas de corte e empacotamento industrial, problemas de paletiza\u00e7\u00e3o e conteineriza\u00e7\u00e3o de carga, entre outros. Para tratar estes problemas, o GPO utiliza abordagens de otimiza\u00e7\u00e3o e an\u00e1lise de desempenho em Pesquisa Operacional, tais como: modelagem matem\u00e1tica e otimiza\u00e7\u00e3o combinat\u00f3ria, modelagem estoc\u00e1stica e teoria de filas, heur\u00edsticas e metaheuristicas, simula\u00e7\u00e3o, etc.<\/p>\n<p>[\/vc_column_text][\/vc_column][\/vc_row][vc_row rt_row_background_width=&#8221;fullwidth&#8221; rt_row_content_width=&#8221;default&#8221; rt_row_style=&#8221;alt-style-1&#8243; rt_row_borders=&#8221;bottom&#8221; rt_row_shadows=&#8221;bottom&#8221; rt_row_paddings=&#8221;true&#8221; rt_bg_effect=&#8221;classic&#8221; rt_bg_image_repeat=&#8221;repeat&#8221; rt_bg_size=&#8221;cover&#8221; rt_bg_position=&#8221;right top&#8221; rt_bg_attachment=&#8221;scroll&#8221; rt_bg_video_format=&#8221;self-hosted&#8221; rt_padding_bottom=&#8221;60&#8243; rt_padding_top=&#8221;60&#8243;][vc_column rt_column_shadow=&#8221;&#8221; rt_bg_image_repeat=&#8221;repeat&#8221; rt_bg_size=&#8221;auto auto&#8221; rt_bg_attachment=&#8221;scroll&#8221;]<div class=\"rt_heading_wrapper style-3\">\n\t\t\t\t\t\t<h2 class=\"rt_heading  style-3\" >Equipe<\/h2>\n\t\t\t\t\t<\/div>[vc_empty_space height=&#8221;30px&#8221;][vc_row_inner rt_row_style=&#8221;global-style&#8221; rt_bg_custom_alignment=&#8221;top&#8221;][vc_column_inner width=&#8221;1\/2&#8243; rt_column_shadow=&#8221;&#8221; rt_bg_image_repeat=&#8221;repeat&#8221; rt_bg_size=&#8221;auto auto&#8221; rt_bg_attachment=&#8221;scroll&#8221; css=&#8221;.vc_custom_1630365219690{padding-top: 0px !important;padding-bottom: 0px !important;}&#8221; rt_bg_color=&#8221;&#8221; rt_bg_overlay_color=&#8221;&#8221;]<div class=\"rt_heading_wrapper style-1\">\n\t\t\t\t\t\t<h4 class=\"rt_heading  style-1\" >Docentes<\/h4>\n\t\t\t\t\t<\/div>[vc_column_text css=&#8221;.vc_custom_1630365401930{margin-top: 0px !important;margin-bottom: 0px !important;padding-top: 0px !important;padding-bottom: 0px !important;}&#8221;]<\/p>\n<ul>\n<li><a href=\"http:\/\/lattes.cnpq.br\/4194801952934254\" target=\"_blank\" rel=\"noopener\">Reinaldo Morabito<\/a><\/li>\n<li><a href=\"http:\/\/lattes.cnpq.br\/1328868140869976\" target=\"_blank\" rel=\"noopener\">Pedro Munari<\/a><\/li>\n<li><a href=\"http:\/\/lattes.cnpq.br\/9202201560058916\" target=\"_blankk\" rel=\"noopener\">Vitoria Maria Miranda Pureza<\/a><\/li>\n<\/ul>\n<p>[\/vc_column_text][vc_empty_space height=&#8221;40px&#8221;]<div class=\"rt_heading_wrapper style-1\">\n\t\t\t\t\t\t<h4 class=\"rt_heading  style-1\" >P\u00f3s-Doutorandos<\/h4>\n\t\t\t\t\t<\/div>[vc_column_text]<\/p>\n<ul>\n<li><a href=\"http:\/\/lattes.cnpq.br\/2127180000258691\" target=\"_blank\" rel=\"noopener\">Cleber Dami\u00e3o Rocco<\/a><\/li>\n<li><a href=\"http:\/\/lattes.cnpq.br\/4686246805500174\" target=\"_blank\" rel=\"noopener\">Elis\u00e2ngela M. S\u00e1<\/a><\/li>\n<li><a href=\"http:\/\/lattes.cnpq.br\/9539013107055965\" target=\"_blank\" rel=\"noopener\">Tamara A. Baldo<\/a><\/li>\n<\/ul>\n<p>[\/vc_column_text][vc_empty_space height=&#8221;40px&#8221;]<div class=\"rt_heading_wrapper style-1\">\n\t\t\t\t\t\t<h4 class=\"rt_heading  style-1\" >Doutorandos<\/h4>\n\t\t\t\t\t<\/div>[vc_column_text]<\/p>\n<ul>\n<li><a href=\"http:\/\/buscatextual.cnpq.br\/buscatextual\/visualizacv.do?id=K4254945Z6\" target=\"_blank\" rel=\"noopener\">Admilson Alcantara da Silva<\/a><\/li>\n<li><a href=\"http:\/\/buscatextual.cnpq.br\/buscatextual\/visualizacv.do?id=K4280559A5\" target=\"_blank\" rel=\"noopener\">Alyne Toscano Martins<\/a><\/li>\n<li><a href=\"http:\/\/buscatextual.cnpq.br\/buscatextual\/visualizacv.do?id=K4456432E4\" target=\"_blank\" rel=\"noopener\">Am\u00e9lia de Lorena Stanzani<\/a><\/li>\n<li><a href=\"http:\/\/buscatextual.cnpq.br\/buscatextual\/visualizacv.do?id=K4290814J0\" target=\"_blank\" rel=\"noopener\">Artur Lovato Cunha<\/a><\/li>\n<li><a href=\"http:\/\/buscatextual.cnpq.br\/buscatextual\/visualizacv.do?metodo=apresentar&amp;id=K4465641A8\" target=\"_blank\" rel=\"noopener\">Bruno Jensen Virginio da Silva<\/a><\/li>\n<li>Giovanni Righetto<\/li>\n<li><a href=\"http:\/\/buscatextual.cnpq.br\/buscatextual\/visualizacv.do?id=K4385062H2\" target=\"_blank\" rel=\"noopener\">Jonathan Justen de La Vega Martinez<\/a><\/li>\n<li><a href=\"http:\/\/buscatextual.cnpq.br\/buscatextual\/visualizacv.do?id=K4385262P6\" target=\"_blank\" rel=\"noopener\">Karim Yaneth P\u00e9rez Martinez<\/a><\/li>\n<li><a href=\"http:\/\/buscatextual.cnpq.br\/buscatextual\/visualizacv.do?id=K4272505U6\" target=\"_blank\" rel=\"noopener\">Marcos Mansano Furlan<\/a><\/li>\n<li><a href=\"http:\/\/buscatextual.cnpq.br\/buscatextual\/visualizacv.do?id=K4456565Z6\" target=\"_blank\" rel=\"noopener\">Maria Gabriela Stevanato Furtado<\/a><\/li>\n<li><a href=\"http:\/\/buscatextual.cnpq.br\/buscatextual\/visualizacv.do?id=K4385280Y9\" target=\"_blank\" rel=\"noopener\">Pedro Luis Miranda Lugo<\/a><\/li>\n<li><a href=\"http:\/\/buscatextual.cnpq.br\/buscatextual\/visualizacv.do?id=K4737299U0\" target=\"_blank\" rel=\"noopener\">Sidney Carlos Ferrari<\/a><\/li>\n<\/ul>\n<p>[\/vc_column_text][vc_empty_space height=&#8221;40px&#8221;]<div class=\"rt_heading_wrapper style-1\">\n\t\t\t\t\t\t<h4 class=\"rt_heading  style-1\" >Mestrandos<\/h4>\n\t\t\t\t\t<\/div>[vc_column_text]<\/p>\n<ul>\n<li><a href=\"http:\/\/buscatextual.cnpq.br\/buscatextual\/visualizacv.do?id=K4127246J1\" target=\"_blank\" rel=\"noopener\">Tiago Sanches Kernbichler<\/a><\/li>\n<li><a href=\"http:\/\/buscatextual.cnpq.br\/buscatextual\/visualizacv.do?id=K8246432J6\" target=\"_blank\" rel=\"noopener\">Cesar Dario Alvarez Cruz<\/a><\/li>\n<li><a href=\"http:\/\/buscatextual.cnpq.br\/buscatextual\/visualizacv.do?id=K4456745E1\" target=\"_blank\" rel=\"noopener\">Jos\u00e9 Ferreira de Souza Neto<br \/>\n<\/a><\/li>\n<li><a href=\"http:\/\/buscatextual.cnpq.br\/buscatextual\/visualizacv.do?id=K4452129J6\" target=\"_blank\" rel=\"noopener\">Rayra Brand\u00e3o de Lima<\/a><\/li>\n<li><a href=\"http:\/\/buscatextual.cnpq.br\/buscatextual\/visualizacv.do?id=K4808167J4\" target=\"_blank\" rel=\"noopener\">Aldair Alberto \u00c1lvarez D\u00edaz<\/a><\/li>\n<li><a href=\"http:\/\/buscatextual.cnpq.br\/buscatextual\/visualizacv.do?id=K8278129D1\" target=\"_blank\" rel=\"noopener\">Juan Sebasti\u00e1n Poveda Gulfo<\/a><\/li>\n<\/ul>\n<p>[\/vc_column_text][vc_empty_space height=&#8221;40px&#8221;][\/vc_column_inner][vc_column_inner width=&#8221;1\/2&#8243; rt_column_shadow=&#8221;&#8221; rt_bg_image_repeat=&#8221;repeat&#8221; rt_bg_size=&#8221;auto auto&#8221; rt_bg_attachment=&#8221;scroll&#8221;]<div class=\"rt_heading_wrapper style-1\">\n\t\t\t\t\t\t<h4 class=\"rt_heading  style-1\" >Ex-Integrantes<\/h4>\n\t\t\t\t\t<\/div>[vc_column_text]<\/p>\n<ul>\n<li><a href=\"http:\/\/lattes.cnpq.br\/9659104632417588\" target=\"_blank\" rel=\"noopener\">Aldo Fernandes J\u00fanior<\/a><\/li>\n<li><a href=\"http:\/\/lattes.cnpq.br\/7561335002983507\" target=\"_blank\" rel=\"noopener\">Alexander Abuabara<\/a><\/li>\n<li>Ana Gabriela Rocha<\/li>\n<li><a href=\"http:\/\/lattes.cnpq.br\/6684816146153894\" target=\"_blank\" rel=\"noopener\">Ana Paula Iannoni<\/a><\/li>\n<li>Cintia Yamassaki<\/li>\n<li><a href=\"http:\/\/lattes.cnpq.br\/7690768560898135\" target=\"_blank\" rel=\"noopener\">Cl\u00e1udio Rog\u00e9rio Negri da Silva<\/a><\/li>\n<li><a href=\"http:\/\/lattes.cnpq.br\/1495222500800817\" target=\"_blank\" rel=\"noopener\">Daniel Fran\u00e7a Lazarin<\/a><\/li>\n<li><a href=\"http:\/\/lattes.cnpq.br\/0245267028273903\" target=\"_blank\" rel=\"noopener\">Deisimara Ferreira<\/a><\/li>\n<li><a href=\"http:\/\/lattes.cnpq.br\/8506951656740145\" target=\"_blank\" rel=\"noopener\">Jos\u00e9 Renato Munhoz<\/a><\/li>\n<li>Jos\u00e9 Vinicius de \u00c1vila Pacheco<\/li>\n<li><a href=\"http:\/\/www.dep.ufscar.br\/grupos\/gpo\/Juliana%20Maria%20Rangel%20Barbosa\" target=\"_blank\" rel=\"noopener\">Juliana Maria Rangel Barbosa<\/a><\/li>\n<li><a href=\"http:\/\/www.portal.fagen.ufu.br\/node\/112\" target=\"_blank\" rel=\"noopener\">Kleber Carlos Ribeiro Pinto<\/a><\/li>\n<li><a href=\"http:\/\/lattes.cnpq.br\/9231571001073269\" target=\"_blank\" rel=\"noopener\">L\u00edlian K\u00e1tia de Oliveira<\/a><\/li>\n<li><a href=\"http:\/\/lattes.cnpq.br\/8208188426851836\" target=\"_blank\" rel=\"noopener\">L\u00e1sara Fabr\u00edcia Rodrigues<\/a><\/li>\n<li><a href=\"http:\/\/lattes.cnpq.br\/2179657609596194\" target=\"_blank\" rel=\"noopener\">Leonardo Junqueira<\/a><\/li>\n<li><a href=\"http:\/\/lattes.cnpq.br\/4599258043593011\" target=\"_blank\" rel=\"noopener\">Luciano Belluzzo<\/a><\/li>\n<li><a href=\"http:\/\/lattes.cnpq.br\/6038516037330973\" target=\"_blank\" rel=\"noopener\">Denise Sato Yamashita<\/a><\/li>\n<li><a href=\"http:\/\/lattes.cnpq.br\/6663631731115739\" target=\"_blank\" rel=\"noopener\">Douglas Alem Junior<\/a><\/li>\n<li><a href=\"http:\/\/lattes.cnpq.br\/1084863496686030\" target=\"_blank\" rel=\"noopener\">Fabiana Oliveira Cec\u00edlio<\/a><\/li>\n<li>Fabiana Sim\u00f5es e Silva<\/li>\n<li><a href=\"http:\/\/lattes.cnpq.br\/3772778427025258\" target=\"_blank\" rel=\"noopener\">Fernando Mendon\u00e7a<\/a><\/li>\n<li><a href=\"http:\/\/lattes.cnpq.br\/6800618341237630\" target=\"_blank\" rel=\"noopener\">Fl\u00e1vio Molina da Silva<\/a><\/li>\n<li><a href=\"http:\/\/lattes.cnpq.br\/8194639307310723\" target=\"_blank\" rel=\"noopener\">Gisele Castro Fontanella Pileggi<\/a><\/li>\n<li><a href=\"http:\/\/lattes.cnpq.br\/2842453464277778\" target=\"_blank\" rel=\"noopener\">Guilherme Izidoro Poli<\/a><\/li>\n<li><a href=\"http:\/\/lattes.cnpq.br\/7552361473265660\" target=\"_blank\" rel=\"noopener\">Jos\u00e9 Eduardo Vieira Camorim<\/a><\/li>\n<li><a href=\"http:\/\/lattes.cnpq.br\/5397242592525655\" target=\"_blank\" rel=\"noopener\">Jos\u00e9 Gilberto Spasiani Rinaldi<\/a><\/li>\n<li><a href=\"https:\/\/sites.google.com\/site\/marianamiano\/\" target=\"_blank\" rel=\"noopener\">Mariana Godoy Vazquez Miano<\/a><\/li>\n<li><a href=\"http:\/\/lattes.cnpq.br\/1741790762582568\" target=\"_blank\" rel=\"noopener\">M\u00f4nica do Amaral<\/a><\/li>\n<li><a href=\"http:\/\/lattes.cnpq.br\/7365607301266703\" target=\"_blank\" rel=\"noopener\">Rafael Piatti Oiticica de Paiva<\/a><\/li>\n<li>Raida de Jesus Silva<\/li>\n<li><a href=\"http:\/\/lattes.cnpq.br\/5707087183666507\" target=\"_blank\" rel=\"noopener\">Randal Farago<\/a><\/li>\n<li>Rejane Joas Silveira<\/li>\n<li><a href=\"http:\/\/lattes.cnpq.br\/5444393509883072\" target=\"_blank\" rel=\"noopener\">Regiane M\u00e1ximo de Souza<\/a><\/li>\n<li><a href=\"http:\/\/lattes.cnpq.br\/4916300193311212\" target=\"_blank\" rel=\"noopener\">Renato Hallal<\/a><\/li>\n<li>Rog\u00e9rio de \u00c1vila Ribeiro Junqueira<\/li>\n<li>Silvia Regina Morales<\/li>\n<li><a href=\"http:\/\/lattes.cnpq.br\/8385669685811567\" target=\"_blank\" rel=\"noopener\">Valdir Garcia<\/a><\/li>\n<li><a href=\"http:\/\/lattes.cnpq.br\/9844223635046284\" target=\"_blank\" rel=\"noopener\">Victor Claudio Bento de Camargo<\/a><\/li>\n<\/ul>\n<p>[\/vc_column_text][\/vc_column_inner][\/vc_row_inner][\/vc_column][\/vc_row][vc_row rt_row_background_width=&#8221;fullwidth&#8221; rt_row_content_width=&#8221;default&#8221; rt_row_style=&#8221;default-style&#8221; rt_column_placement=&#8221;middle&#8221; rt_row_borders=&#8221;bottom&#8221; rt_row_shadows=&#8221;bottom&#8221; rt_row_paddings=&#8221;true&#8221; rt_bg_effect=&#8221;classic&#8221; rt_bg_image_repeat=&#8221;repeat&#8221; rt_bg_size=&#8221;cover&#8221; rt_bg_position=&#8221;right top&#8221; rt_bg_attachment=&#8221;scroll&#8221; rt_bg_video_format=&#8221;self-hosted&#8221; rt_padding_top=&#8221;60&#8243; rt_padding_bottom=&#8221;60&#8243;][vc_column rt_column_shadow=&#8221;&#8221; rt_bg_image_repeat=&#8221;repeat&#8221; rt_bg_size=&#8221;auto auto&#8221; rt_bg_attachment=&#8221;scroll&#8221;]<div class=\"rt_heading_wrapper style-3\">\n\t\t\t\t\t\t<h2 class=\"rt_heading  style-3\" >Disciplinas<\/h2>\n\t\t\t\t\t<\/div>[\/vc_column][vc_column rt_column_shadow=&#8221;&#8221; rt_bg_image_repeat=&#8221;repeat&#8221; rt_bg_size=&#8221;auto auto&#8221; rt_bg_attachment=&#8221;scroll&#8221; rt_padding_right=&#8221;20&#8243; rt_bg_color=&#8221;&#8221; rt_bg_overlay_color=&#8221;&#8221;]<div class=\"rt_heading_wrapper style-1\">\n\t\t\t\t\t\t<h4 class=\"rt_heading  style-1\" >P\u00f3s-Gradu\u00e7\u00e3o<\/h4>\n\t\t\t\t\t<\/div>[vc_column_text]<\/p>\n<h3 style=\"text-align: justify;\"><span style=\"font-size: 16px;\">ENP 181 &#8211; Pesquisa Operacional Aplicada \u00e0 Ger\u00eancia da Produ\u00e7\u00e3o<br \/>\n<\/span><span style=\"font-size: 14px;\"><b>10 cr\u00e9ditos, 150 hrs, PCsP &#8211; (oferecida em anos pares)<\/b><\/span><\/h3>\n<p style=\"padding-left: 40px; text-align: justify;\">&#8211; O Processo Decis\u00f3rio no \u00c2mbito do Planejamento e Programa\u00e7\u00e3o da Produ\u00e7\u00e3o e a Pesquisa Operacional.<br \/>\n&#8211; Conceito de Modelagem e Aplica\u00e7\u00e3o de T\u00e9cnicas de Pesquisa Operacional.<br \/>\n&#8211; Modelos para o Planejamento Agregado da Produ\u00e7\u00e3o, Programa\u00e7\u00e3o e Seq\u00fc\u00eanciamento da Produ\u00e7\u00e3o e Gerenciamento de Projetos.<br \/>\n&#8211; Previs\u00e3o de Demandas.<br \/>\n&#8211; Gest\u00e3o de Estoques, Dimensionamento de Lotes, Balanceamento de Linhas de Montagem.<\/p>\n<h3 style=\"text-align: justify;\"><span style=\"font-size: 16px;\">ENP182 &#8211; Pesquisa Operacional Aplicada \u00e0 Log\u00edstica<br \/>\n<\/span><span style=\"font-size: 14px;\"><b>10 cr\u00e9ditos, 150 hrs, PCsP &#8211; (oferecida em anos pares)<\/b><\/span><\/h3>\n<p style=\"padding-left: 40px; text-align: justify;\">&#8211; A Pesquisa Operacional e o Processo Decis\u00f3rio.<br \/>\n&#8211; Resolu\u00e7\u00e3o de Problemas de Roteamento e Programa\u00e7\u00e3o de Rotas.<br \/>\n&#8211; Localiza\u00e7\u00e3o de Instala\u00e7\u00f5es e Facilidades.<br \/>\n&#8211; Dimensionamento de Frotas.<br \/>\n&#8211; Projetos e Dimensionamento de Sistemas Log\u00edsticos.<br \/>\n&#8211; Utiliza\u00e7\u00e3o de Modelos Estoc\u00e1sticos: Probabilidade Geom\u00e9trica, Filas Espacialmente Distribu\u00eddas e Modelos Hipercubos.<br \/>\n&#8211; Utiliza\u00e7\u00e3o de Modelos Determin\u00edsticos Exatos e Heur\u00edsticos.<\/p>\n<h3 style=\"text-align: justify;\"><span style=\"font-size: 16px;\">ENP183 &#8211; T\u00f3picos em Ger\u00eancia da Produ\u00e7\u00e3o<br \/>\n<\/span><span style=\"font-size: 14px;\"><b>10 cr\u00e9ditos, 150 hrs, PCsP &#8211; (oferecida em anos pares)<\/b><\/span><\/h3>\n<p style=\"padding-left: 40px; text-align: justify;\">&#8211; \u00canfase em Heur\u00edsticas e Metaheur\u00edsticas.<\/p>\n<h3 style=\"text-align: justify;\"><span style=\"font-size: 16px;\">ENP184 &#8211; T\u00f3picos Avan\u00e7ados em Planejamento e Controle de Sistemas de Produ\u00e7\u00e3o<br \/>\n<\/span><span style=\"font-size: 14px;\"><b>10 cr\u00e9ditos, 150 hrs, PCsP &#8211; (oferecida em anos pares)<\/b><\/span><\/h3>\n<p style=\"text-align: justify; padding-left: 40px;\">&#8211; \u00canfase em Problemas de Corte e Empacotamento Industriais.<\/p>\n<p>[\/vc_column_text][vc_empty_space height=&#8221;30px&#8221;]<div class=\"rt_heading_wrapper style-1\">\n\t\t\t\t\t\t<h4 class=\"rt_heading  style-1\" >Gradua\u00e7\u00e3o<\/h4>\n\t\t\t\t\t<\/div>[vc_column_text]<\/p>\n<h3 style=\"text-align: justify;\"><span style=\"font-size: 16px;\">Modelos Probabil\u00edsticos Aplicados \u00e0 Engenharia de Produ\u00e7\u00e3o<\/span><br \/>\n<span style=\"font-size: 14px;\">4 cr\u00e9ditos te\u00f3ricos<\/span><\/h3>\n<p style=\"padding-left: 40px; text-align: justify;\"><b>Pr\u00e9-requisito: <\/b><br \/>\nC\u00e1lculo 1.<\/p>\n<p style=\"padding-left: 40px; text-align: justify;\"><b>Objetivo: <\/b><br \/>\nCapacitar os alunos a adotarem conceitos probabil\u00edsticos para a constru\u00e7\u00e3o de modelos e para a tomada de decis\u00e3o.<\/p>\n<p style=\"padding-left: 40px; text-align: justify;\"><b>Ementa:<br \/>\n<\/b>Conceitos B\u00e1sicos de Modelos Probabil\u00edsticos; Teoria de dos Conjuntos e M\u00e9todos de Enumera\u00e7\u00e3o; Introdu\u00e7\u00e3o \u00e0 Probabilidade; Vari\u00e1veis Aleat\u00f3rias Discretas e Cont\u00ednuas; Valor Esperado e Vari\u00e2ncia; Distribui\u00e7\u00f5es de Vari\u00e1veis Aleat\u00f3rias Discretas; Distribui\u00e7\u00f5es de Vari\u00e1veis Aleat\u00f3rias Cont\u00ednuas; Aplica\u00e7\u00f5es de Modelos Probabil\u00edsticos na Engenharia de Produ\u00e7\u00e3o.<\/p>\n<h3 style=\"text-align: justify;\"><span style=\"font-size: 16px;\">M\u00e9todos Estat\u00edsticos Aplicados \u00e0 Engenharia de Produ\u00e7\u00e3o<br \/>\n<\/span><span style=\"font-size: 14px;\">4 cr\u00e9ditos te\u00f3ricos<\/span><\/h3>\n<p style=\"padding-left: 40px; text-align: justify;\"><b>Pr\u00e9-requisito: <\/b><br \/>\nModelos Probabil\u00edsticos Aplicados a Engenharia de Produ\u00e7\u00e3o.<\/p>\n<p style=\"text-align: justify; padding-left: 40px;\"><b>Objetivo:<br \/>\n<\/b>Fornecer aos alunos o instrumental estat\u00edstico b\u00e1sico necess\u00e1rio para o tratamento, an\u00e1lise e infer\u00eancia de dados nas diversas \u00e1reas de atua\u00e7\u00e3o engenharia de produ\u00e7\u00e3o: controle de qualidade, planejamento e controle produ\u00e7\u00e3o, pesquisa operacional, estudos de tempos e m\u00e9todos etc.<\/p>\n<p style=\"text-align: justify; padding-left: 40px;\"><b>Ementa:<br \/>\n<\/b>Estat\u00edstica Descritiva; Amostragem; Estima\u00e7\u00e3o de Par\u00e2metros; Teste de Hip\u00f3teses; Teste de Ader\u00eancia; Correla\u00e7\u00e3o e Regress\u00e3o; An\u00e1lise de Vari\u00e2ncia.<\/p>\n<h3 style=\"text-align: justify;\"><span style=\"font-size: 16px;\">Pesquisa Operacional para a Engenharia de Produ\u00e7\u00e3o 1<br \/>\n<\/span><span style=\"font-size: 14px;\">4 cr\u00e9ditos te\u00f3ricos<\/span><\/h3>\n<p style=\"padding-left: 40px; text-align: justify;\"><b>Pr\u00e9-requisito: <\/b><br \/>\nGeometria Anal\u00edtica.<br \/>\n<b><\/b><\/p>\n<p style=\"text-align: justify; padding-left: 40px;\"><strong>Objetivo<\/strong>:<br \/>\nA Pesquisa Operacional para a Engenharia de Produ\u00e7\u00e3o 1 \u00e9 a primeira de um conjunto de 2 disciplinas cujo objetivo \u00e9 a compreens\u00e3o e treinamento do processo de tomada de decis\u00f5es envolvidas no projeto e opera\u00e7\u00e3o de sistemas produtivos sob a \u00f3tica da metodologia da Pesquisa Operacional. A Pesquisa Operacional para a Engenharia de Produ\u00e7\u00e3o 1 visa a aquisi\u00e7\u00e3o de conhecimento das t\u00e9cnicas cl\u00e1ssicas de resolu\u00e7\u00e3o de modelos matem\u00e1ticos de problemas de natureza tanto determin\u00edstica como probabil\u00edstica. A partir desses resultados, an\u00e1lises de sensibilidade permitem que os alunos respondam a perguntas relevantes na gest\u00e3o de sistemas tais como ganhos econ\u00f4micos decorrentes do aumento da quantidade de recursos dispon\u00edveis e impactos que varia\u00e7\u00f5es nos par\u00e2metros do modelo trariam \u00e0s solu\u00e7\u00f5es obtidas.<\/p>\n<p style=\"text-align: justify; padding-left: 40px;\"><strong>Ementa<\/strong>:<br \/>\nMetodologia da Pesquisa Operacional; Programa\u00e7\u00e3o Linear; Programa\u00e7\u00e3o Linear Inteira; Programa\u00e7\u00e3o N\u00e3o Linear; Programa\u00e7\u00e3o Din\u00e2mica; Teoria das Filas; Softwares; An\u00e1lise de sensibilidade.<\/p>\n<h3 style=\"text-align: justify;\"><span style=\"font-size: 16px;\">Pesquisa Operacional para a Engenharia de Produ\u00e7\u00e3o 2<br \/>\n<\/span><span style=\"font-size: 14px;\"><b>4 cr\u00e9ditos te\u00f3ricos<\/b><\/span><\/h3>\n<p style=\"text-align: justify; padding-left: 40px;\"><b>Pr\u00e9-requisito:<\/b><br \/>\nPesquisa Operacional para a Engenharia de Produ\u00e7\u00e3o 1.<\/p>\n<p style=\"text-align: justify; padding-left: 40px;\"><b>Objetivo:<\/b><br \/>\nPesquisa Operacional para a Engenharia de Produ\u00e7\u00e3o 2 \u00e9 a segunda de um conjunto de 2 disciplinas cujo objetivo \u00e9 a compreens\u00e3o e o treinamento do processo de tomada de decis\u00f5es envolvidas no projeto e opera\u00e7\u00e3o de sistemas produtivos sob a \u00f3tica da metodologia da Pesquisa Operacional. Pesquisa Operacional para a Engenharia de Produ\u00e7\u00e3o 2 visa a discuss\u00e3o da aplica\u00e7\u00e3o de t\u00e9cnicas de Pesquisa Operacional em Engenharia de Produ\u00e7\u00e3o, o treinamento em t\u00e9cnicas de modelagem de programa\u00e7\u00e3o matem\u00e1tica em problemas de relev\u00e2ncia pr\u00e1tica e o uso de softwares especializados para resolu\u00e7\u00e3o, assim como a compreens\u00e3o e an\u00e1lise de modelos reportados em estudos de caso.<\/p>\n<p style=\"text-align: justify; padding-left: 40px;\"><b>Ementa:<br \/>\n<\/b>Aplica\u00e7\u00f5es de Pesquisa Operacional em Engenharia de Produ\u00e7\u00e3o; Classifica\u00e7\u00e3o de modelos de Pesquisa Operacional e programa\u00e7\u00e3o matem\u00e1tica; T\u00e9cnicas de modelagem de programa\u00e7\u00e3o matem\u00e1tica (linear e linear inteira); Modelos de programa\u00e7\u00e3o matem\u00e1tica em estudos de caso.<\/p>\n<p>[\/vc_column_text][\/vc_column][\/vc_row][vc_row rt_row_background_width=&#8221;fullwidth&#8221; rt_row_content_width=&#8221;default&#8221; rt_row_style=&#8221;alt-style-1&#8243; rt_row_borders=&#8221;bottom&#8221; rt_row_shadows=&#8221;bottom&#8221; rt_row_paddings=&#8221;true&#8221; rt_bg_effect=&#8221;classic&#8221; rt_bg_image_repeat=&#8221;repeat&#8221; rt_bg_size=&#8221;cover&#8221; rt_bg_position=&#8221;right top&#8221; rt_bg_attachment=&#8221;scroll&#8221; rt_bg_video_format=&#8221;self-hosted&#8221; rt_padding_top=&#8221;60&#8243; rt_padding_bottom=&#8221;60&#8243;][vc_column rt_column_shadow=&#8221;&#8221; rt_bg_image_repeat=&#8221;repeat&#8221; rt_bg_size=&#8221;auto auto&#8221; rt_bg_attachment=&#8221;scroll&#8221;]<div class=\"rt_heading_wrapper style-3\">\n\t\t\t\t\t\t<h2 class=\"rt_heading  style-3\" >Links<\/h2>\n\t\t\t\t\t<\/div>[\/vc_column][vc_column width=&#8221;1\/3&#8243; rt_column_shadow=&#8221;&#8221; rt_bg_image_repeat=&#8221;repeat&#8221; rt_bg_size=&#8221;auto auto&#8221; rt_bg_attachment=&#8221;scroll&#8221;][vc_column_text]<\/p>\n<p style=\"text-align: center;\"><a href=\"http:\/\/www.sobrapo.org.br\" target=\"_blank\" rel=\"noopener\"><strong>SOBRAPO<\/strong> | www.sobrapo.org.br<\/a><\/p>\n<p>[\/vc_column_text][\/vc_column][vc_column width=&#8221;1\/3&#8243; rt_column_shadow=&#8221;&#8221; rt_bg_image_repeat=&#8221;repeat&#8221; rt_bg_size=&#8221;auto auto&#8221; rt_bg_attachment=&#8221;scroll&#8221;][vc_column_text]<\/p>\n<p style=\"text-align: center;\"><a href=\"http:\/\/www.informs.org\" target=\"_blank\" rel=\"noopener\"><strong>INFORMS<\/strong> |\u00a0 www.informs.org<\/a><\/p>\n<p>[\/vc_column_text][\/vc_column][vc_column width=&#8221;1\/3&#8243; rt_column_shadow=&#8221;&#8221; rt_bg_image_repeat=&#8221;repeat&#8221; rt_bg_size=&#8221;auto auto&#8221; rt_bg_attachment=&#8221;scroll&#8221;][vc_column_text]<\/p>\n<p style=\"text-align: center;\"><a href=\"http:\/\/www.fe.up.pt\/esicup\" target=\"_blank\" rel=\"noopener\"><strong>ESICUP<\/strong> |\u00a0 www.fe.up.pt\/esicup<\/a><\/p>\n<p>[\/vc_column_text][\/vc_column][\/vc_row][vc_row rt_row_background_width=&#8221;fullwidth&#8221; rt_row_content_width=&#8221;default&#8221; rt_row_style=&#8221;default-style&#8221; rt_row_borders=&#8221;&#8221; rt_row_shadows=&#8221;&#8221; rt_row_paddings=&#8221;true&#8221; rt_bg_effect=&#8221;classic&#8221; rt_bg_image_repeat=&#8221;repeat&#8221; rt_bg_size=&#8221;cover&#8221; rt_bg_position=&#8221;right top&#8221; rt_bg_attachment=&#8221;scroll&#8221; rt_bg_video_format=&#8221;self-hosted&#8221; rt_padding_top=&#8221;60&#8243; rt_padding_bottom=&#8221;60&#8243;][vc_column rt_column_shadow=&#8221;&#8221; rt_bg_image_repeat=&#8221;repeat&#8221; rt_bg_size=&#8221;auto auto&#8221; rt_bg_attachment=&#8221;scroll&#8221; rt_bg_color=&#8221;&#8221; rt_bg_overlay_color=&#8221;&#8221;]<div class=\"rt_heading_wrapper style-3\">\n\t\t\t\t\t\t<h2 class=\"rt_heading  style-3\" >Mais informa\u00e7\u00f5es<\/h2>\n\t\t\t\t\t<\/div>[\/vc_column][vc_column rt_column_shadow=&#8221;&#8221; rt_bg_image_repeat=&#8221;repeat&#8221; rt_bg_size=&#8221;auto auto&#8221; rt_bg_attachment=&#8221;scroll&#8221; rt_bg_color=&#8221;&#8221; rt_bg_overlay_color=&#8221;&#8221;][vc_column_text]<strong>Para obter mais informa\u00e7\u00f5es entre em contato conosco:<\/strong><\/p>\n<p>Departamento de Engenharia de Produ\u00e7\u00e3o<br \/>\nRodovia Washington Luiz, km 235, Caixa Postal &#8211; 676, CEP 13565-905 &#8211; S\u00e3o Carlos &#8211; SP &#8211; Brasil<\/p>\n<p><strong>FAX:<\/strong> (16) 3351-8240<br \/>\n<strong>Telefone: <\/strong>(16) 3351-8236 ou (16) 3351-8237[\/vc_column_text][\/vc_column][\/vc_row]<\/p>\n","protected":false},"excerpt":{"rendered":"<p>[vc_row rt_row_background_width=&#8221;fullwidth&#8221; rt_row_content_width=&#8221;default&#8221; rt_row_style=&#8221;alt-style-2&#8243; rt_column_placement=&#8221;middle&#8221; rt_row_borders=&#8221;&#8221; rt_row_shadows=&#8221;&#8221; rt_row_paddings=&#8221;true&#8221; rt_bg_effect=&#8221;classic&#8221; rt_bg_image_repeat=&#8221;repeat&#8221; rt_bg_size=&#8221;cover&#8221; rt_bg_position=&#8221;center center&#8221; rt_bg_attachment=&#8221;scroll&#8221; rt_bg_video_format=&#8221;youtube&#8221; rt_padding_top=&#8221;100&#8243; rt_bg_image=&#8221;3300&#8243; rt_row_height=&#8221;450&#8243; rt_bg_overlay_color=&#8221;rgba(0,0,0,0.2)&#8221;][vc_column rt_column_shadow=&#8221;&#8221; rt_bg_image_repeat=&#8221;repeat&#8221; rt_bg_size=&#8221;auto auto&#8221; rt_bg_attachment=&#8221;scroll&#8221; rt_bg_color=&#8221;&#8221; rt_bg_overlay_color=&#8221;&#8221; rt_padding_top=&#8221;140&#8243;][\/vc_column][\/vc_row][vc_row rt_row_background_width=&#8221;fullwidth&#8221; rt_row_content_width=&#8221;default&#8221; rt_row_style=&#8221;default-style&#8221; rt_column_placement=&#8221;middle&#8221; rt_row_borders=&#8221;bottom&#8221; rt_row_shadows=&#8221;bottom&#8221; rt_row_paddings=&#8221;true&#8221; rt_bg_effect=&#8221;classic&#8221; rt_bg_image_repeat=&#8221;repeat&#8221; rt_bg_size=&#8221;cover&#8221; rt_bg_position=&#8221;right top&#8221; rt_bg_attachment=&#8221;scroll&#8221; rt_bg_video_format=&#8221;self-hosted&#8221; rt_padding_top=&#8221;60&#8243; rt_padding_bottom=&#8221;60&#8243;][vc_column rt_column_shadow=&#8221;&#8221; rt_bg_image_repeat=&#8221;repeat&#8221; rt_bg_size=&#8221;auto auto&#8221; rt_bg_attachment=&#8221;scroll&#8221;][vc_empty_space height=&#8221;30px&#8221;][vc_column_text] O GPO \u00e9 um grupo de &#8230; <a class=\"more-link\" href=\"https:\/\/dep.ufscar.br\/index.php\/grupos-de-pesquisa-e-extensao-gpo\/\">Leia mais<\/a><\/p>\n","protected":false},"author":1,"featured_media":0,"parent":0,"menu_order":0,"comment_status":"closed","ping_status":"closed","template":"","meta":[],"categories":[],"tags":[],"yoast_head":"<!-- This site is optimized with the Yoast SEO plugin v17.0 - https:\/\/yoast.com\/wordpress\/plugins\/seo\/ -->\n<title>GRUPOS DE PESQUISA E EXTENS\u00c3O - GPO - DEP<\/title>\n<meta name=\"robots\" content=\"index, follow, max-snippet:-1, max-image-preview:large, max-video-preview:-1\" \/>\n<link rel=\"canonical\" href=\"https:\/\/dep.ufscar.br\/index.php\/grupos-de-pesquisa-e-extensao-gpo\/\" \/>\n<meta property=\"og:locale\" content=\"pt_BR\" \/>\n<meta property=\"og:type\" content=\"article\" \/>\n<meta property=\"og:title\" content=\"GRUPOS DE PESQUISA E EXTENS\u00c3O - GPO - DEP\" \/>\n<meta property=\"og:description\" content=\"[vc_row rt_row_background_width=&#8221;fullwidth&#8221; rt_row_content_width=&#8221;default&#8221; rt_row_style=&#8221;alt-style-2&#8243; rt_column_placement=&#8221;middle&#8221; rt_row_borders=&#8221;&#8221; rt_row_shadows=&#8221;&#8221; rt_row_paddings=&#8221;true&#8221; rt_bg_effect=&#8221;classic&#8221; rt_bg_image_repeat=&#8221;repeat&#8221; rt_bg_size=&#8221;cover&#8221; rt_bg_position=&#8221;center center&#8221; rt_bg_attachment=&#8221;scroll&#8221; rt_bg_video_format=&#8221;youtube&#8221; rt_padding_top=&#8221;100&#8243; rt_bg_image=&#8221;3300&#8243; rt_row_height=&#8221;450&#8243; rt_bg_overlay_color=&#8221;rgba(0,0,0,0.2)&#8221;][vc_column rt_column_shadow=&#8221;&#8221; rt_bg_image_repeat=&#8221;repeat&#8221; rt_bg_size=&#8221;auto auto&#8221; rt_bg_attachment=&#8221;scroll&#8221; rt_bg_color=&#8221;&#8221; rt_bg_overlay_color=&#8221;&#8221; rt_padding_top=&#8221;140&#8243;][\/vc_column][\/vc_row][vc_row rt_row_background_width=&#8221;fullwidth&#8221; rt_row_content_width=&#8221;default&#8221; rt_row_style=&#8221;default-style&#8221; rt_column_placement=&#8221;middle&#8221; rt_row_borders=&#8221;bottom&#8221; rt_row_shadows=&#8221;bottom&#8221; rt_row_paddings=&#8221;true&#8221; rt_bg_effect=&#8221;classic&#8221; rt_bg_image_repeat=&#8221;repeat&#8221; rt_bg_size=&#8221;cover&#8221; rt_bg_position=&#8221;right top&#8221; rt_bg_attachment=&#8221;scroll&#8221; rt_bg_video_format=&#8221;self-hosted&#8221; rt_padding_top=&#8221;60&#8243; rt_padding_bottom=&#8221;60&#8243;][vc_column rt_column_shadow=&#8221;&#8221; rt_bg_image_repeat=&#8221;repeat&#8221; rt_bg_size=&#8221;auto auto&#8221; rt_bg_attachment=&#8221;scroll&#8221;][vc_empty_space height=&#8221;30px&#8221;][vc_column_text] O GPO \u00e9 um grupo de [&hellip;]\" \/>\n<meta property=\"og:url\" content=\"https:\/\/dep.ufscar.br\/index.php\/grupos-de-pesquisa-e-extensao-gpo\/\" \/>\n<meta property=\"og:site_name\" content=\"DEP\" \/>\n<meta property=\"article:modified_time\" content=\"2021-09-27T21:51:25+00:00\" \/>\n<meta property=\"og:image\" content=\"http:\/\/dep.ufscar.br\/wp-content\/uploads\/2021\/09\/log-dep-departamento-de-engenharia-ufscar-seo.jpg\" \/>\n\t<meta property=\"og:image:width\" content=\"300\" \/>\n\t<meta property=\"og:image:height\" content=\"200\" \/>\n<meta name=\"twitter:card\" content=\"summary_large_image\" \/>\n<meta name=\"twitter:label1\" content=\"Est. tempo de leitura\" \/>\n\t<meta name=\"twitter:data1\" content=\"12 minutos\" \/>\n<script type=\"application\/ld+json\" class=\"yoast-schema-graph\">{\"@context\":\"https:\/\/schema.org\",\"@graph\":[{\"@type\":\"WebSite\",\"@id\":\"https:\/\/dep.ufscar.br\/#website\",\"url\":\"https:\/\/dep.ufscar.br\/\",\"name\":\"DEP\",\"description\":\"Departamento de Engenharia de Produ\\u00e7\\u00e3o\",\"potentialAction\":[{\"@type\":\"SearchAction\",\"target\":{\"@type\":\"EntryPoint\",\"urlTemplate\":\"https:\/\/dep.ufscar.br\/?s={search_term_string}\"},\"query-input\":\"required name=search_term_string\"}],\"inLanguage\":\"pt-BR\"},{\"@type\":\"ImageObject\",\"@id\":\"https:\/\/dep.ufscar.br\/index.php\/grupos-de-pesquisa-e-extensao-gpo\/#primaryimage\",\"inLanguage\":\"pt-BR\",\"url\":\"https:\/\/dep.ufscar.br\/wp-content\/uploads\/2021\/09\/log-dep-departamento-de-engenharia-ufscar-seo.jpg\",\"contentUrl\":\"https:\/\/dep.ufscar.br\/wp-content\/uploads\/2021\/09\/log-dep-departamento-de-engenharia-ufscar-seo.jpg\",\"width\":300,\"height\":200},{\"@type\":\"WebPage\",\"@id\":\"https:\/\/dep.ufscar.br\/index.php\/grupos-de-pesquisa-e-extensao-gpo\/#webpage\",\"url\":\"https:\/\/dep.ufscar.br\/index.php\/grupos-de-pesquisa-e-extensao-gpo\/\",\"name\":\"GRUPOS DE PESQUISA E EXTENS\\u00c3O - GPO - DEP\",\"isPartOf\":{\"@id\":\"https:\/\/dep.ufscar.br\/#website\"},\"datePublished\":\"2021-08-30T20:31:39+00:00\",\"dateModified\":\"2021-09-27T21:51:25+00:00\",\"breadcrumb\":{\"@id\":\"https:\/\/dep.ufscar.br\/index.php\/grupos-de-pesquisa-e-extensao-gpo\/#breadcrumb\"},\"inLanguage\":\"pt-BR\",\"potentialAction\":[{\"@type\":\"ReadAction\",\"target\":[\"https:\/\/dep.ufscar.br\/index.php\/grupos-de-pesquisa-e-extensao-gpo\/\"]}]},{\"@type\":\"BreadcrumbList\",\"@id\":\"https:\/\/dep.ufscar.br\/index.php\/grupos-de-pesquisa-e-extensao-gpo\/#breadcrumb\",\"itemListElement\":[{\"@type\":\"ListItem\",\"position\":1,\"name\":\"Home\",\"item\":\"https:\/\/dep.ufscar.br\/\"},{\"@type\":\"ListItem\",\"position\":2,\"name\":\"GRUPOS DE PESQUISA E EXTENS\\u00c3O &#8211; GPO\"}]}]}<\/script>\n<!-- \/ Yoast SEO plugin. -->","yoast_head_json":{"title":"GRUPOS DE PESQUISA E EXTENS\u00c3O - GPO - DEP","robots":{"index":"index","follow":"follow","max-snippet":"max-snippet:-1","max-image-preview":"max-image-preview:large","max-video-preview":"max-video-preview:-1"},"canonical":"https:\/\/dep.ufscar.br\/index.php\/grupos-de-pesquisa-e-extensao-gpo\/","og_locale":"pt_BR","og_type":"article","og_title":"GRUPOS DE PESQUISA E EXTENS\u00c3O - GPO - DEP","og_description":"[vc_row rt_row_background_width=&#8221;fullwidth&#8221; rt_row_content_width=&#8221;default&#8221; rt_row_style=&#8221;alt-style-2&#8243; rt_column_placement=&#8221;middle&#8221; rt_row_borders=&#8221;&#8221; rt_row_shadows=&#8221;&#8221; rt_row_paddings=&#8221;true&#8221; rt_bg_effect=&#8221;classic&#8221; rt_bg_image_repeat=&#8221;repeat&#8221; rt_bg_size=&#8221;cover&#8221; rt_bg_position=&#8221;center center&#8221; rt_bg_attachment=&#8221;scroll&#8221; rt_bg_video_format=&#8221;youtube&#8221; rt_padding_top=&#8221;100&#8243; rt_bg_image=&#8221;3300&#8243; rt_row_height=&#8221;450&#8243; rt_bg_overlay_color=&#8221;rgba(0,0,0,0.2)&#8221;][vc_column rt_column_shadow=&#8221;&#8221; rt_bg_image_repeat=&#8221;repeat&#8221; rt_bg_size=&#8221;auto auto&#8221; rt_bg_attachment=&#8221;scroll&#8221; rt_bg_color=&#8221;&#8221; rt_bg_overlay_color=&#8221;&#8221; rt_padding_top=&#8221;140&#8243;][\/vc_column][\/vc_row][vc_row rt_row_background_width=&#8221;fullwidth&#8221; rt_row_content_width=&#8221;default&#8221; rt_row_style=&#8221;default-style&#8221; rt_column_placement=&#8221;middle&#8221; rt_row_borders=&#8221;bottom&#8221; rt_row_shadows=&#8221;bottom&#8221; rt_row_paddings=&#8221;true&#8221; rt_bg_effect=&#8221;classic&#8221; rt_bg_image_repeat=&#8221;repeat&#8221; rt_bg_size=&#8221;cover&#8221; rt_bg_position=&#8221;right top&#8221; rt_bg_attachment=&#8221;scroll&#8221; rt_bg_video_format=&#8221;self-hosted&#8221; rt_padding_top=&#8221;60&#8243; rt_padding_bottom=&#8221;60&#8243;][vc_column rt_column_shadow=&#8221;&#8221; rt_bg_image_repeat=&#8221;repeat&#8221; rt_bg_size=&#8221;auto auto&#8221; rt_bg_attachment=&#8221;scroll&#8221;][vc_empty_space height=&#8221;30px&#8221;][vc_column_text] O GPO \u00e9 um grupo de [&hellip;]","og_url":"https:\/\/dep.ufscar.br\/index.php\/grupos-de-pesquisa-e-extensao-gpo\/","og_site_name":"DEP","article_modified_time":"2021-09-27T21:51:25+00:00","og_image":[{"width":300,"height":200,"url":"http:\/\/dep.ufscar.br\/wp-content\/uploads\/2021\/09\/log-dep-departamento-de-engenharia-ufscar-seo.jpg","path":"\/var\/www\/html\/desenvolvimento\/wp-content\/uploads\/2021\/09\/log-dep-departamento-de-engenharia-ufscar-seo.jpg","size":"full","id":"4900","alt":"","pixels":60000,"type":"image\/jpeg"}],"twitter_card":"summary_large_image","twitter_misc":{"Est. tempo de leitura":"12 minutos"},"schema":{"@context":"https:\/\/schema.org","@graph":[{"@type":"WebSite","@id":"https:\/\/dep.ufscar.br\/#website","url":"https:\/\/dep.ufscar.br\/","name":"DEP","description":"Departamento de Engenharia de Produ\u00e7\u00e3o","potentialAction":[{"@type":"SearchAction","target":{"@type":"EntryPoint","urlTemplate":"https:\/\/dep.ufscar.br\/?s={search_term_string}"},"query-input":"required name=search_term_string"}],"inLanguage":"pt-BR"},{"@type":"ImageObject","@id":"https:\/\/dep.ufscar.br\/index.php\/grupos-de-pesquisa-e-extensao-gpo\/#primaryimage","inLanguage":"pt-BR","url":"https:\/\/dep.ufscar.br\/wp-content\/uploads\/2021\/09\/log-dep-departamento-de-engenharia-ufscar-seo.jpg","contentUrl":"https:\/\/dep.ufscar.br\/wp-content\/uploads\/2021\/09\/log-dep-departamento-de-engenharia-ufscar-seo.jpg","width":300,"height":200},{"@type":"WebPage","@id":"https:\/\/dep.ufscar.br\/index.php\/grupos-de-pesquisa-e-extensao-gpo\/#webpage","url":"https:\/\/dep.ufscar.br\/index.php\/grupos-de-pesquisa-e-extensao-gpo\/","name":"GRUPOS DE PESQUISA E EXTENS\u00c3O - GPO - DEP","isPartOf":{"@id":"https:\/\/dep.ufscar.br\/#website"},"datePublished":"2021-08-30T20:31:39+00:00","dateModified":"2021-09-27T21:51:25+00:00","breadcrumb":{"@id":"https:\/\/dep.ufscar.br\/index.php\/grupos-de-pesquisa-e-extensao-gpo\/#breadcrumb"},"inLanguage":"pt-BR","potentialAction":[{"@type":"ReadAction","target":["https:\/\/dep.ufscar.br\/index.php\/grupos-de-pesquisa-e-extensao-gpo\/"]}]},{"@type":"BreadcrumbList","@id":"https:\/\/dep.ufscar.br\/index.php\/grupos-de-pesquisa-e-extensao-gpo\/#breadcrumb","itemListElement":[{"@type":"ListItem","position":1,"name":"Home","item":"https:\/\/dep.ufscar.br\/"},{"@type":"ListItem","position":2,"name":"GRUPOS DE PESQUISA E EXTENS\u00c3O &#8211; GPO"}]}]}},"_links":{"self":[{"href":"https:\/\/dep.ufscar.br\/index.php\/wp-json\/wp\/v2\/pages\/4712"}],"collection":[{"href":"https:\/\/dep.ufscar.br\/index.php\/wp-json\/wp\/v2\/pages"}],"about":[{"href":"https:\/\/dep.ufscar.br\/index.php\/wp-json\/wp\/v2\/types\/page"}],"author":[{"embeddable":true,"href":"https:\/\/dep.ufscar.br\/index.php\/wp-json\/wp\/v2\/users\/1"}],"replies":[{"embeddable":true,"href":"https:\/\/dep.ufscar.br\/index.php\/wp-json\/wp\/v2\/comments?post=4712"}],"version-history":[{"count":51,"href":"https:\/\/dep.ufscar.br\/index.php\/wp-json\/wp\/v2\/pages\/4712\/revisions"}],"predecessor-version":[{"id":4783,"href":"https:\/\/dep.ufscar.br\/index.php\/wp-json\/wp\/v2\/pages\/4712\/revisions\/4783"}],"wp:attachment":[{"href":"https:\/\/dep.ufscar.br\/index.php\/wp-json\/wp\/v2\/media?parent=4712"}],"wp:term":[{"taxonomy":"category","embeddable":true,"href":"https:\/\/dep.ufscar.br\/index.php\/wp-json\/wp\/v2\/categories?post=4712"},{"taxonomy":"post_tag","embeddable":true,"href":"https:\/\/dep.ufscar.br\/index.php\/wp-json\/wp\/v2\/tags?post=4712"}],"curies":[{"name":"wp","href":"https:\/\/api.w.org\/{rel}","templated":true}]}}