{"id":3524,"date":"2021-07-16T12:13:07","date_gmt":"2021-07-16T15:13:07","guid":{"rendered":"http:\/\/desenvolvimento.dep.ufscar.br\/?page_id=3524"},"modified":"2023-12-05T10:37:16","modified_gmt":"2023-12-05T12:37:16","slug":"grupos-de-pesquisa-e-extensao","status":"publish","type":"page","link":"https:\/\/dep.ufscar.br\/index.php\/grupos-de-pesquisa-e-extensao\/","title":{"rendered":"PESQUISA E EXTENS\u00c3O &#8211; Grupos"},"content":{"rendered":"<p>[vc_row rt_row_background_width=&#8221;fullwidth&#8221; rt_row_content_width=&#8221;default&#8221; rt_row_style=&#8221;alt-style-2&#8243; rt_column_placement=&#8221;middle&#8221; rt_row_borders=&#8221;&#8221; rt_row_shadows=&#8221;&#8221; rt_row_paddings=&#8221;true&#8221; rt_bg_effect=&#8221;classic&#8221; rt_bg_image_repeat=&#8221;repeat&#8221; rt_bg_size=&#8221;cover&#8221; rt_bg_position=&#8221;center center&#8221; rt_bg_attachment=&#8221;scroll&#8221; rt_bg_video_format=&#8221;youtube&#8221; rt_padding_top=&#8221;100&#8243; rt_bg_image=&#8221;3300&#8243; rt_row_height=&#8221;450&#8243; rt_bg_overlay_color=&#8221;rgba(0,0,0,0.2)&#8221;][vc_column rt_column_shadow=&#8221;&#8221; rt_bg_image_repeat=&#8221;repeat&#8221; rt_bg_size=&#8221;auto auto&#8221; rt_bg_attachment=&#8221;scroll&#8221; rt_bg_color=&#8221;&#8221; rt_bg_overlay_color=&#8221;&#8221; rt_padding_top=&#8221;140&#8243;]<div class=\"rt_heading_wrapper style-1\">\n\t\t\t\t\t\t<h1 class=\"rt_heading texto-sombra with_punchline style-1\"  style=\"font-size:44px;\" data-maxfont-size=\"44\" data-minfont-size=\"32\"><span class=\"punchline\">PESQUISA E EXTENS\u00c3O<\/span>Grupos de Pesquisa e Extens\u00e3o<\/h1>\n\t\t\t\t\t<\/div>[\/vc_column][\/vc_row][vc_row rt_row_background_width=&#8221;fullwidth&#8221; rt_row_content_width=&#8221;default&#8221; rt_row_style=&#8221;default-style&#8221; rt_column_placement=&#8221;middle&#8221; rt_row_borders=&#8221;bottom&#8221; rt_row_shadows=&#8221;bottom&#8221; rt_row_paddings=&#8221;true&#8221; rt_bg_effect=&#8221;classic&#8221; rt_bg_image_repeat=&#8221;repeat&#8221; rt_bg_size=&#8221;cover&#8221; rt_bg_position=&#8221;right top&#8221; rt_bg_attachment=&#8221;scroll&#8221; rt_bg_video_format=&#8221;self-hosted&#8221; rt_padding_top=&#8221;60&#8243; rt_padding_bottom=&#8221;60&#8243;][vc_column width=&#8221;1\/3&#8243; rt_column_shadow=&#8221;&#8221; rt_bg_image_repeat=&#8221;repeat&#8221; rt_bg_size=&#8221;auto auto&#8221; rt_bg_attachment=&#8221;scroll&#8221;][\/vc_column][vc_column width=&#8221;2\/3&#8243; rt_column_shadow=&#8221;&#8221; rt_bg_image_repeat=&#8221;repeat&#8221; rt_bg_size=&#8221;auto auto&#8221; rt_bg_attachment=&#8221;scroll&#8221;]<div class=\"rt_heading_wrapper style-6\">\n\t\t\t\t\t\t<h3 class=\"rt_heading  style-6\" >GPO &#8211; Grupo de Estudos em Pesquisa Operacional<\/h3>\n\t\t\t\t\t<\/div>[vc_column_text]<\/p>\n<p style=\"text-align: justify;\">O Grupo de Pesquisa Operacional da Engenharia de Produ\u00e7\u00e3o tem o objetivo de estudar e desenvolver t\u00e9cnicas para apoiar decis\u00f5es em sistemas de produ\u00e7\u00e3o e log\u00edstica. Um profissional nesta \u00e1rea \u00e9 preparado para compreender, modelar e resolver problemas de diferentes naturezas, ou seja, \u00e9 um profissional flex\u00edvel que tem a possibilidade de desenvolver diferentes m\u00e9todos e solu\u00e7\u00f5es para um determinado problema. O p\u00fablico alvo s\u00e3o egressos dos cursos de Engenharia de Produ\u00e7\u00e3o, matem\u00e1tica, estat\u00edstica, computa\u00e7\u00e3o, economia, administra\u00e7\u00e3o ou \u00e1reas correlatas.<\/p>\n<p style=\"text-align: justify;\">As principais \u00e1reas de atua\u00e7\u00e3o de um profissional em pesquisa operacional s\u00e3o em problemas relacionados ao planejamento e controle da produ\u00e7\u00e3o, problemas de projeto e planejamento de sistemas de manufatura e redes log\u00edsticas, problemas de configura\u00e7\u00e3o e opera\u00e7\u00e3o de sistemas de atendimento m\u00e9dico e emergencial, problemas de dimensionamento e sequenciamento de lotes, problemas de roteiriza\u00e7\u00e3o e programa\u00e7\u00e3o de ve\u00edculos, problemas de corte e empacotamento, dentre outros. Para tratar esses problemas o grupo utiliza de abordagens de otimiza\u00e7\u00e3o e an\u00e1lise de desempenho como, por exemplo, modelagem matem\u00e1tica e otimiza\u00e7\u00e3o combinat\u00f3ria, modelagem estoc\u00e1stica e teoria de filas, heur\u00edsticas, metaheur\u00edsticas, m\u00e9todos exatos, entre outros.<\/p>\n<span class=\"rt-icon icon-line-globe \"><\/span> <a href=\"https:\/\/dep.ufscar.br\/index.php\/grupos-de-pesquisa-e-extensao-gpo\/\" target=\"_blank\" rel=\"noopener\">www.dep.ufscar.br\/grupos\/gpo<\/a> | <span class=\"rt-icon icon-mail-1 \"><\/span> <a href=\"mailto:morabito@ufscar.br\">morabito@ufscar.br<\/a>[\/vc_column_text][\/vc_column][\/vc_row][vc_row rt_row_background_width=&#8221;fullwidth&#8221; rt_row_content_width=&#8221;default&#8221; rt_row_style=&#8221;alt-style-1&#8243; rt_column_placement=&#8221;middle&#8221; rt_row_borders=&#8221;bottom&#8221; rt_row_shadows=&#8221;bottom&#8221; rt_row_paddings=&#8221;true&#8221; id=&#8221;grupo-gepai&#8221; rt_bg_effect=&#8221;classic&#8221; rt_bg_image_repeat=&#8221;repeat&#8221; rt_bg_size=&#8221;cover&#8221; rt_bg_position=&#8221;right top&#8221; rt_bg_attachment=&#8221;scroll&#8221; rt_bg_video_format=&#8221;self-hosted&#8221; rt_padding_top=&#8221;60&#8243; rt_padding_bottom=&#8221;60&#8243;][vc_column width=&#8221;1\/3&#8243; rt_column_shadow=&#8221;&#8221; rt_bg_image_repeat=&#8221;repeat&#8221; rt_bg_size=&#8221;auto auto&#8221; rt_bg_attachment=&#8221;scroll&#8221;][vc_single_image image=&#8221;3854&#8243; img_size=&#8221;full&#8221; alignment=&#8221;center&#8221; css_animation=&#8221;fadeInLeft&#8221;][\/vc_column][vc_column width=&#8221;2\/3&#8243; rt_column_shadow=&#8221;&#8221; rt_bg_image_repeat=&#8221;repeat&#8221; rt_bg_size=&#8221;auto auto&#8221; rt_bg_attachment=&#8221;scroll&#8221;]<div class=\"rt_heading_wrapper style-6\">\n\t\t\t\t\t\t<h3 class=\"rt_heading  style-6\" >GEPAI &#8211; Grupo de Estudos e Pesquisas Agroindustriais<\/h3>\n\t\t\t\t\t<\/div>[vc_column_text]<\/p>\n<p style=\"text-align: justify;\">O Grupo de Estudos e Pesquisas Agroindustriais \u2014 GEPAI, surgiu no Departamento de Engenharia de Produ\u00e7\u00e3o da UFSCar em mar\u00e7o de 1994. A origem do grupo est\u00e1 ligada \u00e0 cria\u00e7\u00e3o do curso de gradua\u00e7\u00e3o em Engenharia de Produ\u00e7\u00e3o Agroindustrial (EPAI) em 1993. O Grupo tem trabalhado em pesquisas relacionadas \u00e0 an\u00e1lise e gest\u00e3o dos sistemas agroindustriais. S\u00e3o \u00e1reas de atua\u00e7\u00e3o do GEPAI: estudo de cadeias produtivas, planejamento e controle da produ\u00e7\u00e3o, controle e an\u00e1lise de custos, log\u00edstica, gest\u00e3o da qualidade, marketing, estrat\u00e9gia industrial e metodologias de desenvolvimento de novos produtos. Atualmente o grupo conta com a participa\u00e7\u00e3o de sete professores do PPGEP do DEP\/UFSCar. Estes professores s\u00e3o respons\u00e1veis pela orienta\u00e7\u00e3o de dezenas de doutorados, mestrados e inicia\u00e7\u00e3o cient\u00edfica hoje existentes no tema agroneg\u00f3cio.<\/p>\n<p style=\"text-align: justify;\">Ao longo de sua exist\u00eancia, os pesquisadores do GEPAI t\u00eam conseguido captar, gerenciar, implementar e participar de in\u00fameros projetos de pesquisa e extens\u00e3o, financiados por institui\u00e7\u00f5es nacionais e internacionais.<\/p>\n<p style=\"text-align: justify;\"><span class=\"rt-icon icon-line-globe \"><\/span> <a href=\"http:\/\/www.gepai.dep.ufscar.br\/\" target=\"_blank\" rel=\"noopener\">www.gepai.dep.ufscar.br<\/a> | <span class=\"rt-icon icon-mail-1 \"><\/span> <a href=\"mailto:dmob@ufscar.br\">dmob@ufscar.br<\/a><\/p>\n<p>[\/vc_column_text][\/vc_column][\/vc_row][vc_row rt_row_background_width=&#8221;fullwidth&#8221; rt_row_content_width=&#8221;default&#8221; rt_row_style=&#8221;default-style&#8221; rt_column_placement=&#8221;middle&#8221; rt_row_borders=&#8221;bottom&#8221; rt_row_shadows=&#8221;bottom&#8221; rt_row_paddings=&#8221;true&#8221; id=&#8221;grupo-getec&#8221; rt_bg_effect=&#8221;classic&#8221; rt_bg_image_repeat=&#8221;repeat&#8221; rt_bg_size=&#8221;cover&#8221; rt_bg_position=&#8221;right top&#8221; rt_bg_attachment=&#8221;scroll&#8221; rt_bg_video_format=&#8221;self-hosted&#8221; rt_padding_top=&#8221;60&#8243; rt_padding_bottom=&#8221;60&#8243;][vc_column width=&#8221;1\/3&#8243; rt_column_shadow=&#8221;&#8221; rt_bg_image_repeat=&#8221;repeat&#8221; rt_bg_size=&#8221;auto auto&#8221; rt_bg_attachment=&#8221;scroll&#8221;][vc_single_image image=&#8221;4588&#8243; img_size=&#8221;full&#8221; alignment=&#8221;center&#8221; css_animation=&#8221;fadeInLeft&#8221;][\/vc_column][vc_column width=&#8221;2\/3&#8243; rt_column_shadow=&#8221;&#8221; rt_bg_image_repeat=&#8221;repeat&#8221; rt_bg_size=&#8221;auto auto&#8221; rt_bg_attachment=&#8221;scroll&#8221;]<div class=\"rt_heading_wrapper style-6\">\n\t\t\t\t\t\t<h3 class=\"rt_heading  style-6\" >GeTec &#8211; Grupo de Gest\u00e3o de Tecnologia<\/h3>\n\t\t\t\t\t<\/div>[vc_column_text]<\/p>\n<p style=\"text-align: justify;\">As capacidades de inova\u00e7\u00e3o s\u00e3o reconhecidamente cr\u00edticas para a competitividade das empresas e dos sistemas econ\u00f4micos e para suas perspectivas de crescimento, o que explica o crescente interesse de empres\u00e1rios e formuladores de pol\u00edticas p\u00fablicas pela din\u00e2mica tecnol\u00f3gica. O GeTec participa do esfor\u00e7o acad\u00eamico de responder sistematicamente a esse interesse, desenvolvendo pesquisas que, a um s\u00f3 tempo, contribuam para a compreens\u00e3o do processo de inova\u00e7\u00e3o e para uma maior efici\u00eancia no aproveitamento do conhecimento gerado nas institui\u00e7\u00f5es de pesquisa. O grupo apoia-se em uma abordagem multidisciplinar e executa projetos de pesquisa e extens\u00e3o relacionados a ind\u00fastrias espec\u00edficas (metal-mec\u00e2nica, cer\u00e2mica, automobil\u00edstica, etc.) e a outros tipos de recorte (empresas de base tecnol\u00f3gica, p. ex.).<\/p>\n<p style=\"text-align: justify;\">Dedica aten\u00e7\u00e3o tamb\u00e9m a dois mecanismos centrais de transfer\u00eancia de conhecimento da Universidade para a sociedade: a coopera\u00e7\u00e3o universidade-empresa e o empreendedorismo. Esse esfor\u00e7o de investiga\u00e7\u00e3o habilita o GeTec a participar da formula\u00e7\u00e3o das pol\u00edticas de C, T &amp; I e das estrat\u00e9gias tecnol\u00f3gicas das empresas.<\/p>\n<p style=\"text-align: justify;\"><span class=\"rt-icon icon-line-globe \"><\/span> <a href=\"http:\/\/dep.ufscar.br\/index.php\/grupos-de-pesquisa-e-extensao-getec\/\">www.dep.ufscar.br\/grupos\/getec<\/a> | <span class=\"rt-icon icon-mail-1 \"><\/span> <a href=\"mailto:mpinho@ufscar.br\">mpinho@ufscar.br<\/a><\/p>\n<p>[\/vc_column_text][\/vc_column][\/vc_row][vc_row rt_row_background_width=&#8221;fullwidth&#8221; rt_row_content_width=&#8221;default&#8221; rt_row_style=&#8221;alt-style-1&#8243; rt_column_placement=&#8221;middle&#8221; rt_row_borders=&#8221;bottom&#8221; rt_row_shadows=&#8221;bottom&#8221; rt_row_paddings=&#8221;true&#8221; id=&#8221;grupo-simucad&#8221; rt_bg_effect=&#8221;classic&#8221; rt_bg_image_repeat=&#8221;repeat&#8221; rt_bg_size=&#8221;cover&#8221; rt_bg_position=&#8221;right top&#8221; rt_bg_attachment=&#8221;scroll&#8221; rt_bg_video_format=&#8221;self-hosted&#8221; rt_padding_top=&#8221;60&#8243; rt_padding_bottom=&#8221;60&#8243;][vc_column width=&#8221;1\/3&#8243; rt_column_shadow=&#8221;&#8221; rt_bg_image_repeat=&#8221;repeat&#8221; rt_bg_size=&#8221;auto auto&#8221; rt_bg_attachment=&#8221;scroll&#8221;][vc_single_image image=&#8221;4681&#8243; img_size=&#8221;full&#8221; alignment=&#8221;center&#8221; css_animation=&#8221;fadeInLeft&#8221;][\/vc_column][vc_column width=&#8221;2\/3&#8243; rt_column_shadow=&#8221;&#8221; rt_bg_image_repeat=&#8221;repeat&#8221; rt_bg_size=&#8221;auto auto&#8221; rt_bg_attachment=&#8221;scroll&#8221;]<div class=\"rt_heading_wrapper style-6\">\n\t\t\t\t\t\t<h3 class=\"rt_heading  style-6\" >SimuCAD PSPLAB &#8211; Simula\u00e7\u00e3o &amp; CAD<\/h3>\n\t\t\t\t\t<\/div>[vc_column_text]<\/p>\n<p style=\"text-align: justify;\">O grupo SimuCAD, criado, em 1994 no DEP da UFSCar atua integrando ferramentas de computa\u00e7\u00e3o gr\u00e1fica e de simula\u00e7\u00e3o na concep\u00e7\u00e3o, avalia\u00e7\u00e3o e implanta\u00e7\u00e3o de sistemas de produ\u00e7\u00e3o e de neg\u00f3cios. Como metodologia de trabalho, o grupo busca integrar as facilidades de edi\u00e7\u00e3o, manipula\u00e7\u00e3o e anima\u00e7\u00e3o dos pacotes computacionais gr\u00e1ficos bi e tridimensionais \u00e0s fortes caracter\u00edsticas de an\u00e1lise dos softwares de simula\u00e7\u00e3o.<\/p>\n<p style=\"text-align: justify;\">O grupo atua nos campos de ensino, pesquisa e extens\u00e3o e os resultados j\u00e1 obtidos nos trabalhos demonstram a efic\u00e1cia da metodologia, agilizando o processo de projeto, possibilitando a an\u00e1lise de m\u00faltiplas estrat\u00e9gias de produ\u00e7\u00e3o e gerando solu\u00e7\u00f5es de projeto que contemplam as demandas de flexibilidade e produtividade dos sistemas industriais, aliadas \u00e0s caracter\u00edsticas ergon\u00f4micas e ambientais desej\u00e1veis nos modernos sistemas produtivos.<\/p>\n<p style=\"text-align: justify;\"><span class=\"rt-icon icon-line-globe \"><\/span> <a href=\"http:\/\/www.simucad.dep.ufscar.br\/\" target=\"_blank\" rel=\"noopener\">www.simucad.dep.ufscar.br<\/a> | <span class=\"rt-icon icon-mail-1 \"><\/span> <a href=\"mailto:mbcosta@ufscar.br\">mbcosta@ufscar.br<\/a><\/p>\n<p>[\/vc_column_text][\/vc_column][\/vc_row][vc_row rt_row_background_width=&#8221;fullwidth&#8221; rt_row_content_width=&#8221;default&#8221; rt_row_style=&#8221;default-style&#8221; rt_column_placement=&#8221;middle&#8221; rt_row_borders=&#8221;bottom&#8221; rt_row_shadows=&#8221;bottom&#8221; rt_row_paddings=&#8221;true&#8221; id=&#8221;grupo-gepec&#8221; rt_bg_effect=&#8221;classic&#8221; rt_bg_image_repeat=&#8221;repeat&#8221; rt_bg_size=&#8221;cover&#8221; rt_bg_position=&#8221;right top&#8221; rt_bg_attachment=&#8221;scroll&#8221; rt_bg_video_format=&#8221;self-hosted&#8221; rt_padding_top=&#8221;60&#8243; rt_padding_bottom=&#8221;60&#8243;][vc_column width=&#8221;1\/3&#8243; rt_column_shadow=&#8221;&#8221; rt_bg_image_repeat=&#8221;repeat&#8221; rt_bg_size=&#8221;auto auto&#8221; rt_bg_attachment=&#8221;scroll&#8221;][vc_single_image image=&#8221;3855&#8243; img_size=&#8221;full&#8221; alignment=&#8221;center&#8221; css_animation=&#8221;fadeInLeft&#8221;][\/vc_column][vc_column width=&#8221;2\/3&#8243; rt_column_shadow=&#8221;&#8221; rt_bg_image_repeat=&#8221;repeat&#8221; rt_bg_size=&#8221;auto auto&#8221; rt_bg_attachment=&#8221;scroll&#8221;]<div class=\"rt_heading_wrapper style-6\">\n\t\t\t\t\t\t<h3 class=\"rt_heading  style-6\" >GEPEQ &#8211; Grupo de Estudo e Pesquisa em Qualidade<\/h3>\n\t\t\t\t\t<\/div>[vc_column_text]<\/p>\n<p style=\"text-align: justify;\">O GEPEQ \u00e9 um grupo de pesquisa que tem por objetivo gerar, difundir e aplicar conhecimentos que contribuam para a melhoria da qualidade e da produtividade de empresas, organiza\u00e7\u00f5es e cadeias de produ\u00e7\u00e3o, por meio do planejamento, do controle e da melhoria cont\u00ednua de produtos e processos. O GEPEQ desenvolve atividades e projetos nas seguintes linhas de pesquisa: Coordena\u00e7\u00e3o da Qualidade na Cadeia de Suprimentos, Gest\u00e3o da Qualidade na Agroind\u00fastria, Melhoria Cont\u00ednua e Aprendizagem Organizacional, M\u00e9todos Estat\u00edsticos aplicados \u00e0 Qualidade, Qualidade no Desenvolvimento de Produto, Sistemas de Gest\u00e3o da Qualidade, Sistemas de Gest\u00e3o da Qualidade e de Acredita\u00e7\u00e3o em Servi\u00e7os de Sa\u00fade e Sistemas de Medi\u00e7\u00e3o de Desempenho.<\/p>\n<p style=\"text-align: justify;\"><span class=\"rt-icon icon-line-globe \"><\/span> <a href=\"http:\/\/www.gepeq.dep.ufscar.br\/\" target=\"_blank\" rel=\"noopener\">www.gepeq.dep.ufscar.br<\/a> | <span class=\"rt-icon icon-mail-1 \"><\/span> <a href=\"mailto:toledodep@ufscar.br\"> toledo@dep.ufscar.br<\/a><\/p>\n<p>[\/vc_column_text][\/vc_column][\/vc_row][vc_row rt_row_background_width=&#8221;fullwidth&#8221; rt_row_content_width=&#8221;default&#8221; rt_row_style=&#8221;alt-style-1&#8243; rt_column_placement=&#8221;middle&#8221; rt_row_borders=&#8221;bottom&#8221; rt_row_shadows=&#8221;bottom&#8221; rt_row_paddings=&#8221;true&#8221; rt_bg_effect=&#8221;classic&#8221; rt_bg_image_repeat=&#8221;repeat&#8221; rt_bg_size=&#8221;cover&#8221; rt_bg_position=&#8221;right top&#8221; rt_bg_attachment=&#8221;scroll&#8221; rt_bg_video_format=&#8221;self-hosted&#8221; rt_padding_top=&#8221;60&#8243; rt_padding_bottom=&#8221;60&#8243;][vc_column width=&#8221;1\/3&#8243; rt_column_shadow=&#8221;&#8221; rt_bg_image_repeat=&#8221;repeat&#8221; rt_bg_size=&#8221;auto auto&#8221; rt_bg_attachment=&#8221;scroll&#8221;][\/vc_column][vc_column width=&#8221;2\/3&#8243; rt_column_shadow=&#8221;&#8221; rt_bg_image_repeat=&#8221;repeat&#8221; rt_bg_size=&#8221;auto auto&#8221; rt_bg_attachment=&#8221;scroll&#8221;]<div class=\"rt_heading_wrapper style-6\">\n\t\t\t\t\t\t<h3 class=\"rt_heading  style-6\" >GOSC &#8211; Grupo de Pesquisa em Gest\u00e3o de Opera\u00e7\u00f5es &amp; Cadeia de Suprimentos Digitais e Sustent\u00e1veis<\/h3>\n\t\t\t\t\t<\/div>[vc_column_text]<\/p>\n<p style=\"text-align: justify;\"><span data-sheets-value=\"{&quot;1&quot;:2,&quot;2&quot;:&quot;O Grupo de Pesquisa em Gest\u00e3o de Opera\u00e7\u00f5es &amp; Cadeia de Suprimentos Digitais e Sustent\u00e1veis \u00e9 um grupo de pesquisa do Departamento de Engenharia de Produ\u00e7\u00e3o da Universidade Federal de S\u00e3o Carlos (UFSCar) que estuda e pesquisa a gest\u00e3o de opera\u00e7\u00f5es (GO) e a cadeia de suprimentos (SC). Mais atualmente nosso grupo incluiu tamb\u00e9m em suas atividades o estudo de aspectos da digitiza\u00e7\u00e3o e da sustentabilidade no contexto da GO e da SC. O grupo desenvolve atividades de pesquisa, ensino e extens\u00e3o dentro dessas \u00e1reas. Tais atividades se concentram dentro das seguintes linhas de pesquisa: Supply Chain Management, Log\u00edstica Integrada, Planejamento e Controle da Produ\u00e7\u00e3o, Lean Manufacturing, Quick Response Manufacturing, Digitiza\u00e7\u00e3o\/Ind\u00fastria 4.0, Abordagens de gest\u00e3o sustent\u00e1vel (Cleaner Production, Economia Circular, dentre outros) e Factory Physics.&quot;}\" data-sheets-userformat=\"{&quot;2&quot;:513,&quot;3&quot;:{&quot;1&quot;:0},&quot;12&quot;:0}\">O Grupo de Pesquisa em Gest\u00e3o de Opera\u00e7\u00f5es &amp; Cadeia de Suprimentos Digitais e Sustent\u00e1veis \u00e9 um grupo de pesquisa do Departamento de Engenharia de Produ\u00e7\u00e3o da Universidade Federal de S\u00e3o Carlos (UFSCar) que estuda e pesquisa a gest\u00e3o de opera\u00e7\u00f5es (GO) e a cadeia de suprimentos (SC). Mais atualmente nosso grupo incluiu tamb\u00e9m em suas atividades o estudo de aspectos da digitiza\u00e7\u00e3o e da sustentabilidade no contexto da GO e da SC.<\/span><\/p>\n<p style=\"text-align: justify;\">O grupo desenvolve atividades de pesquisa, ensino e extens\u00e3o dentro dessas \u00e1reas. Tais atividades se concentram dentro das seguintes linhas de pesquisa: Supply Chain Management, Log\u00edstica Integrada, Planejamento e Controle da Produ\u00e7\u00e3o, Lean Manufacturing, Quick Response Manufacturing, Digitiza\u00e7\u00e3o\/Ind\u00fastria 4.0, Abordagens de gest\u00e3o sustent\u00e1vel (Cleaner Production, Economia Circular, dentre outros) e Factory Physics.<\/p>\n<p style=\"text-align: justify;\"><span class=\"rt-icon icon-line-globe \"><\/span> <a href=\"http:\/\/dgp.cnpq.br\/dgp\/espelhogrupo\/3128\" target=\"_blank\" rel=\"noopener\">http:\/\/dgp.cnpq.br\/<\/a> | <span class=\"rt-icon icon-mail-1 \"><\/span> <a href=\"mailto:moacir@dep.ufscar.br\">moacir@dep.ufscar.br<\/a><\/p>\n<p>[\/vc_column_text][\/vc_column][\/vc_row][vc_row rt_row_background_width=&#8221;fullwidth&#8221; rt_row_content_width=&#8221;default&#8221; rt_row_style=&#8221;default-style&#8221; rt_column_placement=&#8221;middle&#8221; rt_row_borders=&#8221;bottom&#8221; rt_row_shadows=&#8221;bottom&#8221; rt_row_paddings=&#8221;true&#8221; id=&#8221;grupo-nesefi&#8221; rt_bg_effect=&#8221;classic&#8221; rt_bg_image_repeat=&#8221;repeat&#8221; rt_bg_size=&#8221;cover&#8221; rt_bg_position=&#8221;right top&#8221; rt_bg_attachment=&#8221;scroll&#8221; rt_bg_video_format=&#8221;self-hosted&#8221; rt_padding_top=&#8221;60&#8243; rt_padding_bottom=&#8221;60&#8243;][vc_column width=&#8221;1\/3&#8243; rt_column_shadow=&#8221;&#8221; rt_bg_image_repeat=&#8221;repeat&#8221; rt_bg_size=&#8221;auto auto&#8221; rt_bg_attachment=&#8221;scroll&#8221;][vc_single_image image=&#8221;4879&#8243; img_size=&#8221;full&#8221; alignment=&#8221;center&#8221; css_animation=&#8221;fadeInLeft&#8221;][\/vc_column][vc_column width=&#8221;2\/3&#8243; rt_column_shadow=&#8221;&#8221; rt_bg_image_repeat=&#8221;repeat&#8221; rt_bg_size=&#8221;auto auto&#8221; rt_bg_attachment=&#8221;scroll&#8221;]<div class=\"rt_heading_wrapper style-6\">\n\t\t\t\t\t\t<h3 class=\"rt_heading  style-6\" >NESEFI &#8211; N\u00facleo de Estudos em Sociologia Econ\u00f4mica e das Finan\u00e7as<\/h3>\n\t\t\t\t\t<\/div>[vc_column_text]<\/p>\n<p style=\"text-align: justify;\">O N\u00facleo de Estudos em Sociologia Econ\u00f4mica e das Finan\u00e7as &#8211; NESEFI surgiu no Departamento de Engenharia de Produ\u00e7\u00e3o em 2006 abarcando alunos da Sociologia, Economia, Administra\u00e7\u00e3o, Psicologia, Engenharia de Produ\u00e7\u00e3o e \u00e1reas afins que desenvolvem pesquisas na \u00e1rea da Sociologia Econ\u00f4mica e das Finan\u00e7as. Temas como Governan\u00e7a Corporativa, Responsabilidade Social Empresarial, Privatiza\u00e7\u00e3o, Fundos de Pens\u00e3o, Economia Solid\u00e1ria e Mercado Financeiro formam o arcabou\u00e7o de temas debatidos.<\/p>\n<p style=\"text-align: justify;\">O foco central \u00e9 a\u00a0<i>financeiriza\u00e7\u00e3o<\/i>\u00a0da economia brasileira e do mundo. O N\u00facleo conta com o apoio de tr\u00eas professores do DEP\/UFSCar que orientam monografias, disserta\u00e7\u00f5es e teses nesta tem\u00e1tica. O N\u00facleo \u00e9 cadastrado no Diret\u00f3rio Geral dos Grupos de Pesquisa do Brasil no CNPq. O NESEFI realiza reuni\u00f5es quinzenais abertas a todos os interessados pelo tema.<\/p>\n<p style=\"text-align: justify;\"><span class=\"rt-icon icon-line-globe \"><\/span> <a href=\"http:\/\/www.nesefi.dep.ufscar.br\/\" target=\"_blank\" rel=\"noopener\">www.nesefi.dep.ufscar.br<\/a> | <span class=\"rt-icon icon-mail-1 \"><\/span> <a href=\"mailto:drgr@ufscar.br\">drgr@ufscar.br<\/a> | <span class=\"rt-icon icon-phone \"><\/span> (16) 3351-9201<\/p>\n<p>[\/vc_column_text][\/vc_column][\/vc_row][vc_row rt_row_background_width=&#8221;fullwidth&#8221; rt_row_content_width=&#8221;default&#8221; rt_row_style=&#8221;alt-style-1&#8243; rt_column_placement=&#8221;middle&#8221; rt_row_borders=&#8221;bottom&#8221; rt_row_shadows=&#8221;bottom&#8221; rt_row_paddings=&#8221;true&#8221; id=&#8221;grupo-gama&#8221; rt_bg_effect=&#8221;classic&#8221; rt_bg_image_repeat=&#8221;repeat&#8221; rt_bg_size=&#8221;cover&#8221; rt_bg_position=&#8221;right top&#8221; rt_bg_attachment=&#8221;scroll&#8221; rt_bg_video_format=&#8221;self-hosted&#8221; rt_padding_top=&#8221;60&#8243; rt_padding_bottom=&#8221;60&#8243;][vc_column width=&#8221;1\/3&#8243; rt_column_shadow=&#8221;&#8221; rt_bg_image_repeat=&#8221;repeat&#8221; rt_bg_size=&#8221;auto auto&#8221; rt_bg_attachment=&#8221;scroll&#8221;][vc_single_image image=&#8221;3867&#8243; img_size=&#8221;full&#8221; alignment=&#8221;center&#8221; css_animation=&#8221;fadeInLeft&#8221;][\/vc_column][vc_column width=&#8221;2\/3&#8243; rt_column_shadow=&#8221;&#8221; rt_bg_image_repeat=&#8221;repeat&#8221; rt_bg_size=&#8221;auto auto&#8221; rt_bg_attachment=&#8221;scroll&#8221;]<div class=\"rt_heading_wrapper style-6\">\n\t\t\t\t\t\t<h3 class=\"rt_heading  style-6\" >GAMA &#8211; Gest\u00e3o e Tecnologia Aplicadas \u00e0 Manufatura e Opera\u00e7\u00f5es<\/h3>\n\t\t\t\t\t<\/div>[vc_column_text]<\/p>\n<p style=\"text-align: justify;\">O Grupo Gama &#8211; Gest\u00e3o e Tecnologia Aplicadas \u00e0 Manufatura e Opera\u00e7\u00f5es &#8211; realiza pesquisa, treinamento e assessoria na \u00e1rea de planejamento e controle da produ\u00e7\u00e3o, gest\u00e3o da cadeia de suprimentos, otimiza\u00e7\u00e3o de sistemas produtivos, manufatura responsiva, tecnologia da informa\u00e7\u00e3o, entre outros temas relacionados.<\/p>\n<p style=\"text-align: justify;\"><span class=\"rt-icon icon-line-globe \"><\/span> <a href=\"http:\/\/www.gama.dep.ufscar.br\/\" target=\"_blank\" rel=\"noopener\"> www.gama.dep.ufscar.br<\/a> | <span class=\"rt-icon icon-mail-1 \"><\/span> <a href=\"mailto:gama@dep.ufscar.br\">gama@dep.ufscar.br<\/a><\/p>\n<p>[\/vc_column_text][\/vc_column][\/vc_row][vc_row rt_row_background_width=&#8221;fullwidth&#8221; rt_row_content_width=&#8221;default&#8221; rt_row_style=&#8221;default-style&#8221; rt_column_placement=&#8221;middle&#8221; rt_row_borders=&#8221;bottom&#8221; rt_row_shadows=&#8221;bottom&#8221; rt_row_paddings=&#8221;true&#8221; id=&#8221;grupo-gefin&#8221; rt_bg_effect=&#8221;classic&#8221; rt_bg_image_repeat=&#8221;repeat&#8221; rt_bg_size=&#8221;cover&#8221; rt_bg_position=&#8221;right top&#8221; rt_bg_attachment=&#8221;scroll&#8221; rt_bg_video_format=&#8221;self-hosted&#8221; rt_padding_top=&#8221;60&#8243; rt_padding_bottom=&#8221;60&#8243;][vc_column width=&#8221;1\/3&#8243; rt_column_shadow=&#8221;&#8221; rt_bg_image_repeat=&#8221;repeat&#8221; rt_bg_size=&#8221;auto auto&#8221; rt_bg_attachment=&#8221;scroll&#8221;][vc_single_image image=&#8221;5170&#8243; img_size=&#8221;full&#8221; alignment=&#8221;center&#8221; css_animation=&#8221;fadeInLeft&#8221;][\/vc_column][vc_column width=&#8221;2\/3&#8243; rt_column_shadow=&#8221;&#8221; rt_bg_image_repeat=&#8221;repeat&#8221; rt_bg_size=&#8221;auto auto&#8221; rt_bg_attachment=&#8221;scroll&#8221;]<div class=\"rt_heading_wrapper style-6\">\n\t\t\t\t\t\t<h3 class=\"rt_heading  style-6\" >GEFin &#8211; Grupo de Estudos em Gest\u00e3o e Mercados Financeiros<\/h3>\n\t\t\t\t\t<\/div>[vc_column_text]<\/p>\n<p style=\"text-align: justify;\"><span data-sheets-value=\"{&quot;1&quot;:2,&quot;2&quot;:&quot;O Grupo de Estudos em Gest\u00e3o e Mercados Financeiros \u2013 GEFin possui as seguintes linhas de pesquisas: Caracter\u00edsticas e Comportamento de Mercados Financeiros; Desenvolvimento econ\u00f4mico regional e produtividade; Estrat\u00e9gias Financeiras de Empresas P\u00fablicas e Privadas; Estrutura e Custo de Capital e Gerenciamento de Valor nas Organiza\u00e7\u00f5es Brasileiras; Gest\u00e3o e Mensura\u00e7\u00e3o de Riscos Financeiros e Valor; e, Governan\u00e7a Corporativa e seus Impactos nas Institui\u00e7\u00f5es Brasileiras&quot;}\" data-sheets-userformat=\"{&quot;2&quot;:513,&quot;3&quot;:{&quot;1&quot;:0},&quot;12&quot;:0}\">O Grupo de Estudos em Gest\u00e3o e Mercados Financeiros \u2013 GEFin possui as seguintes linhas de pesquisas: Caracter\u00edsticas e Comportamento de Mercados Financeiros; Desenvolvimento econ\u00f4mico regional e produtividade; Estrat\u00e9gias Financeiras de Empresas P\u00fablicas e Privadas; Estrutura e Custo de Capital e Gerenciamento de Valor nas Organiza\u00e7\u00f5es Brasileiras; Gest\u00e3o e Mensura\u00e7\u00e3o de Riscos Financeiros e Valor; e, Governan\u00e7a Corporativa e seus Impactos nas Institui\u00e7\u00f5es Brasileiras<\/span><\/p>\n<p style=\"text-align: justify;\"><span class=\"rt-icon icon-line-globe \"><\/span> <a href=\"http:\/\/dgp.cnpq.br\/dgp\/espelhogrupo\/180937\" target=\"_blank\" rel=\"noopener\">http:\/\/dgp.cnpq.br\/<\/a> | <span class=\"rt-icon icon-mail-1 \"><\/span> <a href=\"mailto:andrei@dep.ufscar.br\">andrei@dep.ufscar.br<\/a><\/p>\n<p>[\/vc_column_text][\/vc_column][\/vc_row][vc_row rt_row_background_width=&#8221;fullwidth&#8221; rt_row_content_width=&#8221;default&#8221; rt_row_style=&#8221;alt-style-1&#8243; rt_column_placement=&#8221;middle&#8221; rt_row_borders=&#8221;bottom&#8221; rt_row_shadows=&#8221;bottom&#8221; rt_row_paddings=&#8221;true&#8221; id=&#8221;grupo-npro&#8221; rt_bg_effect=&#8221;classic&#8221; rt_bg_image_repeat=&#8221;repeat&#8221; rt_bg_size=&#8221;cover&#8221; rt_bg_position=&#8221;right top&#8221; rt_bg_attachment=&#8221;scroll&#8221; rt_bg_video_format=&#8221;self-hosted&#8221; rt_padding_top=&#8221;60&#8243; rt_padding_bottom=&#8221;60&#8243;][vc_column width=&#8221;1\/3&#8243; rt_column_shadow=&#8221;&#8221; rt_bg_image_repeat=&#8221;repeat&#8221; rt_bg_size=&#8221;auto auto&#8221; rt_bg_attachment=&#8221;scroll&#8221;][vc_single_image image=&#8221;3862&#8243; img_size=&#8221;full&#8221; alignment=&#8221;center&#8221; css_animation=&#8221;fadeInLeft&#8221;][\/vc_column][vc_column width=&#8221;2\/3&#8243; rt_column_shadow=&#8221;&#8221; rt_bg_image_repeat=&#8221;repeat&#8221; rt_bg_size=&#8221;auto auto&#8221; rt_bg_attachment=&#8221;scroll&#8221;]<div class=\"rt_heading_wrapper style-6\">\n\t\t\t\t\t\t<h3 class=\"rt_heading  style-6\" >NPro &#8211; Grupo de Pesquisa e Extens\u00e3o<\/h3>\n\t\t\t\t\t<\/div>[vc_column_text]<\/p>\n<p style=\"text-align: justify;\">O NPro &#8211; N\u00facleo de Projeto e Prototipagem em Sistemas de Produ\u00e7\u00e3o &#8211; foi criado em 2016 no Departamento de Engenharia de Produ\u00e7\u00e3o da Universidade Federal de S\u00e3o Carlos (DEP &#8211; UFSCar). As principais linhas de pesquisa s\u00e3o: Projetos em Engenharia de Produ\u00e7\u00e3o (teoria de projeto de engenharia aplicada \u00e0 ergonomia, projeto de instala\u00e7\u00f5es produtivas, planejamento de instala\u00e7\u00f5es e projeto do trabalho); Tecnologias Integradas de Simula\u00e7\u00e3o, Imers\u00e3o e Gamifica\u00e7\u00e3o aplicadas \u00e0 Sistemas de Produ\u00e7\u00e3o (investiga\u00e7\u00e3o do potencial de utiliza\u00e7\u00e3o de tecnologias de imers\u00e3o, realidade virtual e da teoria de gamifica\u00e7\u00e3o para simula\u00e7\u00e3o aplicada ao planejamento, projeto e gest\u00e3o de sistemas de produ\u00e7\u00e3o); e, Prototipagem F\u00edsica e Virtual para Planejamento e Projeto Participativo (novas fronteiras na prototipagem f\u00edsica &#8211; impress\u00e3o 3D, maquetes, prot\u00f3tipos &#8211; e virtual &#8211; utilizando Game Engines e softwares de modelagem, anima\u00e7\u00e3o e simula\u00e7\u00e3o- como suporte ao processo de projeto dial\u00f3gico). O NPro tamb\u00e9m atua em projetos de extens\u00e3o prestando assessorias t\u00e9cnicas e desenvolvimento de solu\u00e7\u00f5es em suas \u00e1reas de interesse\/pesquisa.<\/p>\n<p>Mais informa\u00e7\u00f5es em:<\/p>\n<p style=\"text-align: justify;\"><span class=\"rt-icon icon-line-globe \"><\/span> <a href=\"http:\/\/www.npro.ufscar.br\/\" target=\"_blank\" rel=\"noopener\">www.npro.ufscar.br<\/a> | <span class=\"rt-icon icon-mail-1 \"><\/span> <a href=\"mailto:braatz@ufscar.br\">braatz@ufscar.br<\/a><\/p>\n<p>[\/vc_column_text][\/vc_column][\/vc_row][vc_row rt_row_background_width=&#8221;fullwidth&#8221; rt_row_content_width=&#8221;default&#8221; rt_row_style=&#8221;default-style&#8221; rt_column_placement=&#8221;middle&#8221; rt_row_borders=&#8221;bottom&#8221; rt_row_shadows=&#8221;bottom&#8221; rt_row_paddings=&#8221;true&#8221; id=&#8221;grupo-neo&#8221; rt_bg_effect=&#8221;classic&#8221; rt_bg_image_repeat=&#8221;repeat&#8221; rt_bg_size=&#8221;cover&#8221; rt_bg_position=&#8221;right top&#8221; rt_bg_attachment=&#8221;scroll&#8221; rt_bg_video_format=&#8221;self-hosted&#8221; rt_padding_top=&#8221;60&#8243; rt_padding_bottom=&#8221;60&#8243;][vc_column width=&#8221;1\/3&#8243; rt_column_shadow=&#8221;&#8221; rt_bg_image_repeat=&#8221;repeat&#8221; rt_bg_size=&#8221;auto auto&#8221; rt_bg_attachment=&#8221;scroll&#8221;][vc_single_image image=&#8221;4690&#8243; img_size=&#8221;full&#8221; alignment=&#8221;center&#8221; css_animation=&#8221;fadeInLeft&#8221;][\/vc_column][vc_column width=&#8221;2\/3&#8243; rt_column_shadow=&#8221;&#8221; rt_bg_image_repeat=&#8221;repeat&#8221; rt_bg_size=&#8221;auto auto&#8221; rt_bg_attachment=&#8221;scroll&#8221;]<div class=\"rt_heading_wrapper style-6\">\n\t\t\t\t\t\t<h3 class=\"rt_heading  style-6\" >NEO &#8211; N\u00facleo de Estudos Organizacionais<\/h3>\n\t\t\t\t\t<\/div>[vc_column_text]<\/p>\n<p style=\"text-align: justify;\"><span data-sheets-value=\"{&quot;1&quot;:2,&quot;2&quot;:&quot;O N\u00facleo de Estudos Organizacionais (NEO) \u00e9 um grupo de estudo e pesquisa multidisciplinar da UFSCar, voltado para a toda comunidade interessada em compreender a din\u00e2mica das organiza\u00e7\u00f5es contempor\u00e2neas. In\u00fameros exemplos de organiza\u00e7\u00e3o fazem parte do nosso dia a dia, como ind\u00fastrias, bancos, institui\u00e7\u00f5es de ensino, governo, ONGs e igrejas. Acreditamos que todas elas podem ser estudadas a partir dos referenciais te\u00f3ricos da linha de estudos organizacionais. Esses referenciais n\u00e3o s\u00e3o unificados, mas amplos e provenientes de diversas \u00e1reas do conhecimento, tais como: Psicologia, Administra\u00e7\u00e3o, Economia, Sociologia, Ci\u00eancias Pol\u00edticas, Antropologia e Lingu\u00edstica. O objetivo do NEO \u00e9 produzir e disseminar conhecimento cr\u00edtico e de qualidade sobre as quest\u00f5es organizacionais presentes em nosso cotidiano. Acreditamos que compreender de forma profunda as organiza\u00e7\u00f5es \u00e9 fundamental para uma vis\u00e3o ampla da sociedade, do trabalho e do mundo.&quot;}\" data-sheets-userformat=\"{&quot;2&quot;:513,&quot;3&quot;:{&quot;1&quot;:0},&quot;12&quot;:0}\">O N\u00facleo de Estudos Organizacionais (NEO) \u00e9 um grupo de estudo e pesquisa multidisciplinar da UFSCar, voltado para a toda comunidade interessada em compreender a din\u00e2mica das organiza\u00e7\u00f5es contempor\u00e2neas. In\u00fameros exemplos de organiza\u00e7\u00e3o fazem parte do nosso dia a dia, como ind\u00fastrias, bancos, institui\u00e7\u00f5es de ensino, governo, ONGs e igrejas. Acreditamos que todas elas podem ser estudadas a partir dos referenciais te\u00f3ricos da linha de estudos organizacionais. Esses referenciais n\u00e3o s\u00e3o unificados, mas amplos e provenientes de diversas \u00e1reas do conhecimento, tais como: Psicologia, Administra\u00e7\u00e3o, Economia, Sociologia, Ci\u00eancias Pol\u00edticas, Antropologia e Lingu\u00edstica.<\/span><\/p>\n<p style=\"text-align: justify;\">O objetivo do NEO \u00e9 produzir e disseminar conhecimento cr\u00edtico e de qualidade sobre as quest\u00f5es organizacionais presentes em nosso cotidiano. Acreditamos que compreender de forma profunda as organiza\u00e7\u00f5es \u00e9 fundamental para uma vis\u00e3o ampla da sociedade, do trabalho e do mundo.<\/p>\n<p style=\"text-align: justify;\"><span class=\"rt-icon icon-line-globe \"><\/span> <a href=\"http:\/\/www.neo.ufscar.br\/\" target=\"_blank\" rel=\"noopener\">http:\/\/www.neo.ufscar.br\/<\/a> | <span class=\"rt-icon icon-mail-1 \"><\/span> <a href=\"mailto:msacomano@ufscar.br\">msacomano@ufscar.br <\/a><\/p>\n<p>[\/vc_column_text][\/vc_column][\/vc_row][vc_row rt_row_background_width=&#8221;fullwidth&#8221; rt_row_content_width=&#8221;default&#8221; rt_row_style=&#8221;alt-style-1&#8243; rt_column_placement=&#8221;middle&#8221; rt_row_borders=&#8221;bottom&#8221; rt_row_shadows=&#8221;bottom&#8221; rt_row_paddings=&#8221;true&#8221; rt_bg_effect=&#8221;classic&#8221; rt_bg_image_repeat=&#8221;repeat&#8221; rt_bg_size=&#8221;cover&#8221; rt_bg_position=&#8221;right top&#8221; rt_bg_attachment=&#8221;scroll&#8221; rt_bg_video_format=&#8221;self-hosted&#8221; rt_padding_top=&#8221;60&#8243; rt_padding_bottom=&#8221;60&#8243;][vc_column width=&#8221;1\/3&#8243; rt_column_shadow=&#8221;&#8221; rt_bg_image_repeat=&#8221;repeat&#8221; rt_bg_size=&#8221;auto auto&#8221; rt_bg_attachment=&#8221;scroll&#8221;][\/vc_column][vc_column width=&#8221;2\/3&#8243; rt_column_shadow=&#8221;&#8221; rt_bg_image_repeat=&#8221;repeat&#8221; rt_bg_size=&#8221;auto auto&#8221; rt_bg_attachment=&#8221;scroll&#8221;]<div class=\"rt_heading_wrapper style-6\">\n\t\t\t\t\t\t<h3 class=\"rt_heading  style-6\" >DynProd &#8211; Din\u00e2mica de sistemas de produ\u00e7\u00e3o e cadeias de suprimento<\/h3>\n\t\t\t\t\t<\/div>[vc_column_text]<\/p>\n<p style=\"text-align: justify;\"><span data-sheets-value=\"{&quot;1&quot;:2,&quot;2&quot;:&quot;O CDPRO Makerspace \u00e9 um grupo de pesquisa e extens\u00e3o que une pesquisadores em um espa\u00e7o inovador visando o desenvolvimento de solu\u00e7\u00f5es que integrem as \u00e1reas de engenharia e sa\u00fade. O grupo possui pesquisadores dos departamentos de Engenharia de Produ\u00e7\u00e3o (DEP e DEP-So), Fisioterapia (DFisio), Terapia Ocupacional (DTO), Medicina (DMed), Computa\u00e7\u00e3o (DC), Engenharia Qu\u00edmica (DEQ), al\u00e9m de parceiros nos departamentos DMec, DEE, DEMa e DEnf.\\nAs linhas de pesquisas do grupo s\u00e3o Desenvolvimento de equipamentos de prote\u00e7\u00e3o; Integra\u00e7\u00e3o do Design de Engenharia com a Cultura Maker; e, Pesquisa e desenvolvimento de produtos para a Sa\u00fade e Tecnologia Assistiva. Os projetos desenvolvidos at\u00e9 o momento contam com apoio da FINEP (Edital TA), Minist\u00e9rio P\u00fablico do Trabalho-MPT, universidades e empresas.\\n&quot;}\" data-sheets-userformat=\"{&quot;2&quot;:513,&quot;3&quot;:{&quot;1&quot;:0},&quot;12&quot;:0}\">A din\u00e2mica \u00e9 o estudo de vari\u00e1veis, comportamentos ou situa\u00e7\u00f5es que variam no tempo. Neste grupo de pesquisa, os sistemas de produ\u00e7\u00e3o e cadeias de suprimento s\u00e3o estudados a partir dessa perspectiva da din\u00e2mica, utilizando m\u00e9todos de modelagem din\u00e2mica e simula\u00e7\u00e3o. Tal abordagem permite desenvolver modelos de sistemas de produ\u00e7\u00e3o (e de sistemas de PCP) com controle de realimenta\u00e7\u00e3o e controle aut\u00f4nomo, que s\u00e3o as bases dos sistemas inteligentes da Ind\u00fastria 4.0. Al\u00e9m desse foco principal de pesquisa, que \u00e9 quantitativo, s\u00e3o desenvolvidas tamb\u00e9m pesquisas qualitativas em planejamento e controle da produ\u00e7\u00e3o, cadeia de suprimento, sustentabilidade, gest\u00e3o de opera\u00e7\u00f5es e estrat\u00e9gia e educa\u00e7\u00e3o em engenharia. O grupo \u00e9 flex\u00edvel e diversificado em termos de forma\u00e7\u00e3o e m\u00e9todos de pesquisa. Os m\u00e9todos de modelagem din\u00e2mica podem ser diversos. O m\u00e9todo mais conhecido na Engenharia de Produ\u00e7\u00e3o \u00e9 o System Dynamics (SD), mas h\u00e1 outros m\u00e9todos interessantes utilizados nas \u00e1reas de Eng. Mec\u00e2nica e El\u00e9trica.<\/span><\/p>\n<p style=\"text-align: justify;\">Assim, alguns projetos do grupo DynProd s\u00e3o multidisciplinares e algumas contam com parcerias internacionais de pesquisadores da Slov\u00eania, Alemanha e Holanda.<\/p>\n<p style=\"text-align: justify;\"><span class=\"rt-icon icon-line-globe \"><\/span> <a href=\"https:\/\/www.ppgep.ufscar.br\/pt-br\/equipe\/grupos-de-pesquisa\/dynprod-2013-dinamica-de-sistemas-de-producao-e-cadeias-de-suprimento\" target=\"_blank\" rel=\"noopener\">https:\/\/www.ppgep.ufscar.br\/<\/a> | <span class=\"rt-icon icon-mail-1 \"><\/span> <a href=\"mailto:juliana@dep.ufscar.br\">juliana@dep.ufscar.br<\/a><\/p>\n<p>[\/vc_column_text][\/vc_column][\/vc_row][vc_row rt_row_background_width=&#8221;fullwidth&#8221; rt_row_content_width=&#8221;default&#8221; rt_row_style=&#8221;default-style&#8221; rt_column_placement=&#8221;middle&#8221; rt_row_borders=&#8221;bottom&#8221; rt_row_shadows=&#8221;bottom&#8221; rt_row_paddings=&#8221;true&#8221; id=&#8221;grupo-geps&#8221; rt_bg_effect=&#8221;classic&#8221; rt_bg_image_repeat=&#8221;repeat&#8221; rt_bg_size=&#8221;cover&#8221; rt_bg_position=&#8221;right top&#8221; rt_bg_attachment=&#8221;scroll&#8221; rt_bg_video_format=&#8221;self-hosted&#8221; rt_padding_top=&#8221;60&#8243; rt_padding_bottom=&#8221;60&#8243;][vc_column width=&#8221;1\/3&#8243; rt_column_shadow=&#8221;&#8221; rt_bg_image_repeat=&#8221;repeat&#8221; rt_bg_size=&#8221;auto auto&#8221; rt_bg_attachment=&#8221;scroll&#8221;][vc_single_image image=&#8221;5228&#8243; img_size=&#8221;full&#8221; alignment=&#8221;center&#8221; css_animation=&#8221;fadeInLeft&#8221;][\/vc_column][vc_column width=&#8221;2\/3&#8243; rt_column_shadow=&#8221;&#8221; rt_bg_image_repeat=&#8221;repeat&#8221; rt_bg_size=&#8221;auto auto&#8221; rt_bg_attachment=&#8221;scroll&#8221;]<div class=\"rt_heading_wrapper style-6\">\n\t\t\t\t\t\t<h3 class=\"rt_heading  style-6\" >GEPS &#8211; Grupo de Estudos e Pesquisa em Servi\u00e7o<\/h3>\n\t\t\t\t\t<\/div>[vc_column_text]<\/p>\n<p style=\"text-align: justify;\">O Grupo de Estudo e Pesquisa em Servi\u00e7os (GEPS) concentra-se em desenvolver pesquisas e projetos que contribuam para o avan\u00e7o do conhecimento em servi\u00e7os e que auxiliem as organiza\u00e7\u00f5es a aumentarem sua cria\u00e7\u00e3o de valor por meio da oferta de servi\u00e7os. O GEPS \u00e9 formado por professores e pesquisadores do Departamento de Engenharia de Produ\u00e7\u00e3o da Universidade Federal de S\u00e3o Carlos e de outras universidades. A cria\u00e7\u00e3o de um grupo de pesquisadores focados em servi\u00e7os se justifica pela sua import\u00e2ncia na economia e impactos na sociedade.<\/p>\n<p style=\"text-align: justify;\">Hoje, a melhoria e a inova\u00e7\u00e3o em servi\u00e7os s\u00e3o preocupa\u00e7\u00f5es tanto das empresas tradicionais do setor de servi\u00e7os como das empresas industriais, que v\u00eam adotando modelos de neg\u00f3cios mais orientados aos servi\u00e7os.<\/p>\n<p style=\"text-align: justify;\"><span class=\"rt-icon icon-line-globe \"><\/span> <a href=\"http:\/\/www.geps.dep.ufscar.br\/\" target=\"_blank\" rel=\"noopener\">www.geps.dep.ufscar.br<\/a> | <span class=\"rt-icon icon-mail-1 \"><\/span> <a href=\"mailto:gepsdep@ufscar.br\">geps@dep.ufscar.br<\/a><\/p>\n<p>[\/vc_column_text][\/vc_column][\/vc_row][vc_row rt_row_background_width=&#8221;fullwidth&#8221; rt_row_content_width=&#8221;default&#8221; rt_row_style=&#8221;alt-style-1&#8243; rt_column_placement=&#8221;middle&#8221; rt_row_borders=&#8221;bottom&#8221; rt_row_shadows=&#8221;bottom&#8221; rt_row_paddings=&#8221;true&#8221; id=&#8221;grupo-cdpro&#8221; rt_bg_effect=&#8221;classic&#8221; rt_bg_image_repeat=&#8221;repeat&#8221; rt_bg_size=&#8221;cover&#8221; rt_bg_position=&#8221;right top&#8221; rt_bg_attachment=&#8221;scroll&#8221; rt_bg_video_format=&#8221;self-hosted&#8221; rt_padding_top=&#8221;60&#8243; rt_padding_bottom=&#8221;60&#8243;][vc_column width=&#8221;1\/3&#8243; rt_column_shadow=&#8221;&#8221; rt_bg_image_repeat=&#8221;repeat&#8221; rt_bg_size=&#8221;auto auto&#8221; rt_bg_attachment=&#8221;scroll&#8221;][vc_single_image image=&#8221;4685&#8243; img_size=&#8221;full&#8221; alignment=&#8221;center&#8221; css_animation=&#8221;fadeInLeft&#8221;][\/vc_column][vc_column width=&#8221;2\/3&#8243; rt_column_shadow=&#8221;&#8221; rt_bg_image_repeat=&#8221;repeat&#8221; rt_bg_size=&#8221;auto auto&#8221; rt_bg_attachment=&#8221;scroll&#8221;]<div class=\"rt_heading_wrapper style-6\">\n\t\t\t\t\t\t<h3 class=\"rt_heading  style-6\" >CDPRO Makerspace &#8211; Centro de Desenvolvimento e Prototipagem Maker para Inova\u00e7\u00e3o em Engenharia e Sa\u00fade<\/h3>\n\t\t\t\t\t<\/div>[vc_column_text]<\/p>\n<p style=\"text-align: justify;\"><span data-sheets-value=\"{&quot;1&quot;:2,&quot;2&quot;:&quot;O CDPRO Makerspace \u00e9 um grupo de pesquisa e extens\u00e3o que une pesquisadores em um espa\u00e7o inovador visando o desenvolvimento de solu\u00e7\u00f5es que integrem as \u00e1reas de engenharia e sa\u00fade. O grupo possui pesquisadores dos departamentos de Engenharia de Produ\u00e7\u00e3o (DEP e DEP-So), Fisioterapia (DFisio), Terapia Ocupacional (DTO), Medicina (DMed), Computa\u00e7\u00e3o (DC), Engenharia Qu\u00edmica (DEQ), al\u00e9m de parceiros nos departamentos DMec, DEE, DEMa e DEnf.\\nAs linhas de pesquisas do grupo s\u00e3o Desenvolvimento de equipamentos de prote\u00e7\u00e3o; Integra\u00e7\u00e3o do Design de Engenharia com a Cultura Maker; e, Pesquisa e desenvolvimento de produtos para a Sa\u00fade e Tecnologia Assistiva. Os projetos desenvolvidos at\u00e9 o momento contam com apoio da FINEP (Edital TA), Minist\u00e9rio P\u00fablico do Trabalho-MPT, universidades e empresas.\\n&quot;}\" data-sheets-userformat=\"{&quot;2&quot;:513,&quot;3&quot;:{&quot;1&quot;:0},&quot;12&quot;:0}\">O CDPRO Makerspace \u00e9 um grupo de pesquisa e extens\u00e3o que une pesquisadores em um espa\u00e7o inovador visando o desenvolvimento de solu\u00e7\u00f5es que integrem as \u00e1reas de engenharia e sa\u00fade. O grupo possui pesquisadores dos departamentos de Engenharia de Produ\u00e7\u00e3o (DEP e DEP-So), Fisioterapia (DFisio), Terapia Ocupacional (DTO), Medicina (DMed), Computa\u00e7\u00e3o (DC), Engenharia Qu\u00edmica (DEQ), al\u00e9m de parceiros nos departamentos DMec, DEE, DEMa e DEnf.<\/span><\/p>\n<p style=\"text-align: justify;\">As linhas de pesquisas do grupo s\u00e3o Desenvolvimento de equipamentos de prote\u00e7\u00e3o; Integra\u00e7\u00e3o do Design de Engenharia com a Cultura Maker; e, Pesquisa e desenvolvimento de produtos para a Sa\u00fade e Tecnologia Assistiva. Os projetos desenvolvidos at\u00e9 o momento contam com apoio da FINEP (Edital TA), Minist\u00e9rio P\u00fablico do Trabalho-MPT, universidades e empresas.<\/p>\n<p style=\"text-align: justify;\"><span class=\"rt-icon icon-line-globe \"><\/span> <a href=\"http:\/\/dgp.cnpq.br\/dgp\/espelhogrupo\/3427687738475917\" target=\"_blank\" rel=\"noopener\">dgp.cnpq.br\/<\/a> | <span class=\"rt-icon icon-mail-1 \"><\/span> <a href=\"mailto:braatz@ufscar.br\">braatz@ufscar.br<\/a><\/p>\n<p>[\/vc_column_text][\/vc_column][\/vc_row][vc_row rt_row_background_width=&#8221;fullwidth&#8221; rt_row_content_width=&#8221;default&#8221; rt_row_style=&#8221;default-style&#8221; rt_column_placement=&#8221;middle&#8221; rt_row_borders=&#8221;bottom&#8221; rt_row_shadows=&#8221;bottom&#8221; rt_row_paddings=&#8221;true&#8221; rt_bg_effect=&#8221;classic&#8221; rt_bg_image_repeat=&#8221;repeat&#8221; rt_bg_size=&#8221;cover&#8221; rt_bg_position=&#8221;right top&#8221; rt_bg_attachment=&#8221;scroll&#8221; rt_bg_video_format=&#8221;self-hosted&#8221; rt_padding_top=&#8221;60&#8243; rt_padding_bottom=&#8221;60&#8243;][vc_column width=&#8221;1\/3&#8243; rt_column_shadow=&#8221;&#8221; rt_bg_image_repeat=&#8221;repeat&#8221; rt_bg_size=&#8221;auto auto&#8221; rt_bg_attachment=&#8221;scroll&#8221;][\/vc_column][vc_column width=&#8221;2\/3&#8243; rt_column_shadow=&#8221;&#8221; rt_bg_image_repeat=&#8221;repeat&#8221; rt_bg_size=&#8221;auto auto&#8221; rt_bg_attachment=&#8221;scroll&#8221;]<div class=\"rt_heading_wrapper style-6\">\n\t\t\t\t\t\t<h3 class=\"rt_heading  style-6\" >ERMES Lab &#8211; Laborat\u00f3rio de Economia Regional e Mudan\u00e7a Estrutural Sustent\u00e1vel<\/h3>\n\t\t\t\t\t<\/div>[vc_column_text]<\/p>\n<p style=\"text-align: justify;\"><span data-sheets-value=\"{&quot;1&quot;:2,&quot;2&quot;:&quot;O Laborat\u00f3rio de Economia Regional e Mudan\u00e7a Estrutural Sustent\u00e1vel possui as seguintes linhas de pesquisas: Regional Innovation, Economic Development and Entrepreneurship; FDI (Foreign Direct Investment); International business and Sustainability; e, Structural change and Relatedness.&quot;}\" data-sheets-userformat=\"{&quot;2&quot;:513,&quot;3&quot;:{&quot;1&quot;:0},&quot;12&quot;:0}\">O Laborat\u00f3rio de Economia Regional e Mudan\u00e7a Estrutural Sustent\u00e1vel possui as seguintes linhas de pesquisas: Regional Innovation, Economic Development and Entrepreneurship; FDI (Foreign Direct Investment); International business and Sustainability; e, Structural change and Relatedness.<\/span><\/p>\n<p style=\"text-align: justify;\"><span class=\"rt-icon icon-line-globe \"><\/span> <a href=\"http:\/\/dgp.cnpq.br\/dgp\/espelhogrupo\/737414\" target=\"_blank\" rel=\"noopener\">http:\/\/dgp.cnpq.br\/<\/a> | <span class=\"rt-icon icon-mail-1 \"><\/span> <a href=\"mailto:herickmoralles@dep.ufscar.br\">herickmoralles@dep.ufscar.br<\/a><\/p>\n<p>[\/vc_column_text][\/vc_column][\/vc_row][vc_row rt_row_background_width=&#8221;fullwidth&#8221; rt_row_content_width=&#8221;default&#8221; rt_row_style=&#8221;alt-style-1&#8243; rt_column_placement=&#8221;middle&#8221; rt_row_borders=&#8221;bottom&#8221; rt_row_shadows=&#8221;bottom&#8221; rt_row_paddings=&#8221;true&#8221; id=&#8221;grupo-resoa&#8221; rt_bg_effect=&#8221;classic&#8221; rt_bg_image_repeat=&#8221;repeat&#8221; rt_bg_size=&#8221;cover&#8221; rt_bg_position=&#8221;right top&#8221; rt_bg_attachment=&#8221;scroll&#8221; rt_bg_video_format=&#8221;self-hosted&#8221; rt_padding_top=&#8221;60&#8243; rt_padding_bottom=&#8221;60&#8243;][vc_column width=&#8221;1\/3&#8243; rt_column_shadow=&#8221;&#8221; rt_bg_image_repeat=&#8221;repeat&#8221; rt_bg_size=&#8221;auto auto&#8221; rt_bg_attachment=&#8221;scroll&#8221;][vc_single_image image=&#8221;4687&#8243; img_size=&#8221;full&#8221; alignment=&#8221;center&#8221; css_animation=&#8221;fadeInLeft&#8221;][\/vc_column][vc_column width=&#8221;2\/3&#8243; rt_column_shadow=&#8221;&#8221; rt_bg_image_repeat=&#8221;repeat&#8221; rt_bg_size=&#8221;auto auto&#8221; rt_bg_attachment=&#8221;scroll&#8221;]<div class=\"rt_heading_wrapper style-6\">\n\t\t\t\t\t\t<h3 class=\"rt_heading  style-6\" >RESOA &#8211; Rede de Estudos Socioecon\u00f4micos e Organizacionais da Amaz\u00f4nia<\/h3>\n\t\t\t\t\t<\/div>[vc_column_text]<\/p>\n<p style=\"text-align: justify;\"><span data-sheets-value=\"{&quot;1&quot;:2,&quot;2&quot;:&quot;A Rede de Estudos Socioecon\u00f4micos e Organizacionais da Amaz\u00f4nia (RESOA) \u00e9 um grupo de pesquisas interdisciplinar sediado na Universidade Federal de S\u00e3o Carlos.&quot;}\" data-sheets-userformat=\"{&quot;2&quot;:513,&quot;3&quot;:{&quot;1&quot;:0},&quot;12&quot;:0}\">A Rede de Estudos Socioecon\u00f4micos e Organizacionais da Amaz\u00f4nia (RESOA) \u00e9 um grupo de pesquisas interdisciplinar sediado na Universidade Federal de S\u00e3o Carlos.<\/span><\/p>\n<p style=\"text-align: justify;\"><span class=\"rt-icon icon-line-globe \"><\/span> <a href=\"http:\/\/www.facebook.com\/resoamz\" target=\"_blank\" rel=\"noopener\">www.facebook.com\/resoamz<\/a> | <span class=\"rt-icon icon-mail-1 \"><\/span> <a href=\"mailto:seacandido@dep.ufscar.br\">seacandido@dep.ufscar.br <\/a><\/p>\n<p>[\/vc_column_text][\/vc_column][\/vc_row][vc_row rt_row_background_width=&#8221;fullwidth&#8221; rt_row_content_width=&#8221;default&#8221; rt_row_style=&#8221;default-style&#8221; rt_row_borders=&#8221;&#8221; rt_row_shadows=&#8221;&#8221; rt_row_paddings=&#8221;true&#8221; id=&#8221;js-code-scroll&#8221; rt_bg_effect=&#8221;classic&#8221; rt_bg_image_repeat=&#8221;repeat&#8221; rt_bg_size=&#8221;cover&#8221; rt_bg_position=&#8221;right top&#8221; rt_bg_attachment=&#8221;scroll&#8221; rt_bg_video_format=&#8221;self-hosted&#8221;][vc_column rt_column_shadow=&#8221;&#8221; rt_bg_image_repeat=&#8221;repeat&#8221; rt_bg_size=&#8221;auto auto&#8221; rt_bg_attachment=&#8221;scroll&#8221; rt_bg_color=&#8221;&#8221; rt_bg_overlay_color=&#8221;&#8221;][vc_raw_html]JTNDc2NyaXB0JTNFJTBBJTBBaWYlMjAlMjh3aW5kb3cuaW5uZXJXaWR0aCUyMCUzRSUyMDc2OCUyOSUyMCU3QiUwQSUyMCUyMCUyMCUyMGpRdWVyeSUyOGRvY3VtZW50JTI5LnJlYWR5JTI4ZnVuY3Rpb24lMjglMjQlMjklMjAlN0IlMEElMEElMjAlMjAlMjAlMjAlMjAlMjAlMjAlMjAlMkYlMkYlMjBzZXQlMjBhJTIwdmFyaWFibGUlMjBmb3IlMjB0aGUlMjBhbmNob3IlMjBsaW5rJTIwd2hpY2glMjBpcyUyMHRoZSUyMGxvY2F0aW9uLmhhc2glMEElMjAlMjAlMjAlMjAlMjAlMjAlMjAlMjB2YXIlMjBhbmNob3JMaW5rJTIwJTNEJTIwJTI0JTI4d2luZG93LmxvY2F0aW9uLmhhc2glMjklM0IlMEElMjAlMjAlMjAlMjAlMjAlMjAlMjAlMjAlMkYlMkYlMjB0ZXN0JTIwdG8lMjBzZWUlMjBpZiUyMHRoZSUyMGxpbmslMjBpcyUyMGElMjBhbmNob3IlMjBsaW5rJTJDJTIwaWYlMjBub3QlMjB0aGUlMjBsZW5ndGglMjB3aWxsJTIwaGF2ZSUyMG5vJTIwdmFsdWUlMkMlMjB0aGlzJTIwaXMlMjBkb25lJTIwdG8lMjBhdm9pZCUyMGpzJTIwZXJyb3JzJTIwb24lMjBub24lMjBhbmNob3IlMjBsaW5rcyUwQSUyMCUyMCUyMCUyMCUyMCUyMCUyMCUyMGlmJTIwJTI4YW5jaG9yTGluay5sZW5ndGglMjklMjAlN0IlMEElMjAlMjAlMjAlMjAlMjAlMjAlMjAlMjAlMjAlMjAlMjAlMjAlMkYlMkYlMjBzZXQlMjBhbiUyMGVsZW1lbnQlMjBhcyUyMHRoZSUyMGZpeGVkJTIwZW50aXR5JTJDJTIwaGVhZGVyJTIwaW4lMjB0aGlzJTIwY2FzZSUyMGFuZCUyMGdldCUyMGl0cyUyMGhlaWdodCUwQSUyMCUyMCUyMCUyMCUyMCUyMCUyMCUyMCUyMCUyMCUyMCUyMHZhciUyMG9mZnNldFNpemUlMjAlM0QlMjAlMjQlMjglMjJoZWFkZXIlMjIlMjkuaW5uZXJIZWlnaHQlMjglMjklM0IlMEElMjAlMjAlMjAlMjAlMjAlMjAlMjAlMjAlMjAlMjAlMjAlMjAlMkYlMkYlMjBmaXJlJTIwdGhlJTIwYW5pbWF0aW9uJTIwZnJvbSUyMHRoZSUyMHRvcCUyMG9mJTIwdGhlJTIwcGFnZSUyMHRvJTIwdGhlJTIwYW5jaG9yJTIwbGluayUyMG9mZnNldHRpbmclMjBieSUyMHRoZSUyMGZpeGVkJTIwZWxlbWVudHMlMjBoZWlnaHQlMkMlMjB0aGUlMjBudW1iZXIlMjBpcyUyMHRoZSUyMHNwZWVkJTIwb2YlMjB0aGUlMjBhbmltYXRpb24lMEElMjAlMjAlMjAlMjAlMjAlMjAlMjAlMjAlMjAlMjAlMjAlMjAlMjQlMjglMjJodG1sJTJDJTIwYm9keSUyMiUyOS5hbmltYXRlJTI4JTdCJTIwc2Nyb2xsVG9wJTNBJTIwYW5jaG9yTGluay5vZmZzZXQlMjglMjkudG9wJTIwLSUyMG9mZnNldFNpemUlMjAlN0QlMkMlMjA1MDAlMjklM0IlMEElMjAlMjAlMjAlMjAlMjAlMjAlMjAlMjAlN0QlMEElMEElMjAlMjAlMjAlMjAlN0QlMjklM0IlMEElN0QlMEElMEElM0MlMkZzY3JpcHQlM0U=[\/vc_raw_html][\/vc_column][\/vc_row]<\/p>\n","protected":false},"excerpt":{"rendered":"<p>[vc_row rt_row_background_width=&#8221;fullwidth&#8221; rt_row_content_width=&#8221;default&#8221; rt_row_style=&#8221;alt-style-2&#8243; rt_column_placement=&#8221;middle&#8221; rt_row_borders=&#8221;&#8221; rt_row_shadows=&#8221;&#8221; rt_row_paddings=&#8221;true&#8221; rt_bg_effect=&#8221;classic&#8221; rt_bg_image_repeat=&#8221;repeat&#8221; rt_bg_size=&#8221;cover&#8221; rt_bg_position=&#8221;center center&#8221; rt_bg_attachment=&#8221;scroll&#8221; rt_bg_video_format=&#8221;youtube&#8221; rt_padding_top=&#8221;100&#8243; rt_bg_image=&#8221;3300&#8243; rt_row_height=&#8221;450&#8243; rt_bg_overlay_color=&#8221;rgba(0,0,0,0.2)&#8221;][vc_column rt_column_shadow=&#8221;&#8221; rt_bg_image_repeat=&#8221;repeat&#8221; rt_bg_size=&#8221;auto auto&#8221; rt_bg_attachment=&#8221;scroll&#8221; rt_bg_color=&#8221;&#8221; rt_bg_overlay_color=&#8221;&#8221; rt_padding_top=&#8221;140&#8243;][\/vc_column][\/vc_row][vc_row rt_row_background_width=&#8221;fullwidth&#8221; rt_row_content_width=&#8221;default&#8221; rt_row_style=&#8221;default-style&#8221; rt_column_placement=&#8221;middle&#8221; rt_row_borders=&#8221;bottom&#8221; rt_row_shadows=&#8221;bottom&#8221; rt_row_paddings=&#8221;true&#8221; rt_bg_effect=&#8221;classic&#8221; rt_bg_image_repeat=&#8221;repeat&#8221; rt_bg_size=&#8221;cover&#8221; rt_bg_position=&#8221;right top&#8221; rt_bg_attachment=&#8221;scroll&#8221; rt_bg_video_format=&#8221;self-hosted&#8221; rt_padding_top=&#8221;60&#8243; rt_padding_bottom=&#8221;60&#8243;][vc_column width=&#8221;1\/3&#8243; rt_column_shadow=&#8221;&#8221; rt_bg_image_repeat=&#8221;repeat&#8221; rt_bg_size=&#8221;auto auto&#8221; rt_bg_attachment=&#8221;scroll&#8221;][\/vc_column][vc_column width=&#8221;2\/3&#8243; rt_column_shadow=&#8221;&#8221; rt_bg_image_repeat=&#8221;repeat&#8221; rt_bg_size=&#8221;auto auto&#8221; rt_bg_attachment=&#8221;scroll&#8221;][vc_column_text] &#8230; <a class=\"more-link\" href=\"https:\/\/dep.ufscar.br\/index.php\/grupos-de-pesquisa-e-extensao\/\">Leia mais<\/a><\/p>\n","protected":false},"author":1,"featured_media":0,"parent":0,"menu_order":0,"comment_status":"closed","ping_status":"closed","template":"","meta":[],"categories":[],"tags":[],"yoast_head":"<!-- This site is optimized with the Yoast SEO plugin v17.0 - https:\/\/yoast.com\/wordpress\/plugins\/seo\/ -->\n<title>Grupos e Extens\u00e3o Dep de Engenharia de Produ\u00e7\u00e3o (DEP) - UFSCar<\/title>\n<meta name=\"description\" content=\"O Departamento de Engenharia de Produ\u00e7\u00e3o da UFSCAR possui diversos grupos de Pesquisa e Extens\u00e3o. Saiba quais s\u00e3o e quais suas finalidades.\" \/>\n<meta name=\"robots\" content=\"index, follow, max-snippet:-1, max-image-preview:large, max-video-preview:-1\" \/>\n<link rel=\"canonical\" href=\"https:\/\/dep.ufscar.br\/index.php\/grupos-de-pesquisa-e-extensao\/\" \/>\n<meta property=\"og:locale\" content=\"pt_BR\" \/>\n<meta property=\"og:type\" content=\"article\" \/>\n<meta property=\"og:title\" content=\"Grupos e Extens\u00e3o Dep de Engenharia de Produ\u00e7\u00e3o (DEP) - UFSCar\" \/>\n<meta property=\"og:description\" content=\"O Departamento de Engenharia de Produ\u00e7\u00e3o da UFSCAR possui diversos grupos de Pesquisa e Extens\u00e3o. Saiba quais s\u00e3o e quais suas finalidades.\" \/>\n<meta property=\"og:url\" content=\"https:\/\/dep.ufscar.br\/index.php\/grupos-de-pesquisa-e-extensao\/\" \/>\n<meta property=\"og:site_name\" content=\"DEP\" \/>\n<meta property=\"article:modified_time\" content=\"2023-12-05T12:37:16+00:00\" \/>\n<meta property=\"og:image\" content=\"http:\/\/dep.ufscar.br\/wp-content\/uploads\/2021\/09\/log-dep-departamento-de-engenharia-ufscar-seo.jpg\" \/>\n\t<meta property=\"og:image:width\" content=\"300\" \/>\n\t<meta property=\"og:image:height\" content=\"200\" \/>\n<meta name=\"twitter:card\" content=\"summary_large_image\" \/>\n<meta name=\"twitter:label1\" content=\"Est. tempo de leitura\" \/>\n\t<meta name=\"twitter:data1\" content=\"13 minutos\" \/>\n<script type=\"application\/ld+json\" class=\"yoast-schema-graph\">{\"@context\":\"https:\/\/schema.org\",\"@graph\":[{\"@type\":\"WebSite\",\"@id\":\"https:\/\/dep.ufscar.br\/#website\",\"url\":\"https:\/\/dep.ufscar.br\/\",\"name\":\"DEP\",\"description\":\"Departamento de Engenharia de Produ\\u00e7\\u00e3o\",\"potentialAction\":[{\"@type\":\"SearchAction\",\"target\":{\"@type\":\"EntryPoint\",\"urlTemplate\":\"https:\/\/dep.ufscar.br\/?s={search_term_string}\"},\"query-input\":\"required name=search_term_string\"}],\"inLanguage\":\"pt-BR\"},{\"@type\":\"ImageObject\",\"@id\":\"https:\/\/dep.ufscar.br\/index.php\/grupos-de-pesquisa-e-extensao\/#primaryimage\",\"inLanguage\":\"pt-BR\",\"url\":\"https:\/\/dep.ufscar.br\/wp-content\/uploads\/2021\/09\/log-dep-departamento-de-engenharia-ufscar-seo.jpg\",\"contentUrl\":\"https:\/\/dep.ufscar.br\/wp-content\/uploads\/2021\/09\/log-dep-departamento-de-engenharia-ufscar-seo.jpg\",\"width\":300,\"height\":200},{\"@type\":\"WebPage\",\"@id\":\"https:\/\/dep.ufscar.br\/index.php\/grupos-de-pesquisa-e-extensao\/#webpage\",\"url\":\"https:\/\/dep.ufscar.br\/index.php\/grupos-de-pesquisa-e-extensao\/\",\"name\":\"Grupos e Extens\\u00e3o Dep de Engenharia de Produ\\u00e7\\u00e3o (DEP) - UFSCar\",\"isPartOf\":{\"@id\":\"https:\/\/dep.ufscar.br\/#website\"},\"datePublished\":\"2021-07-16T15:13:07+00:00\",\"dateModified\":\"2023-12-05T12:37:16+00:00\",\"description\":\"O Departamento de Engenharia de Produ\\u00e7\\u00e3o da UFSCAR possui diversos grupos de Pesquisa e Extens\\u00e3o. Saiba quais s\\u00e3o e quais suas finalidades.\",\"breadcrumb\":{\"@id\":\"https:\/\/dep.ufscar.br\/index.php\/grupos-de-pesquisa-e-extensao\/#breadcrumb\"},\"inLanguage\":\"pt-BR\",\"potentialAction\":[{\"@type\":\"ReadAction\",\"target\":[\"https:\/\/dep.ufscar.br\/index.php\/grupos-de-pesquisa-e-extensao\/\"]}]},{\"@type\":\"BreadcrumbList\",\"@id\":\"https:\/\/dep.ufscar.br\/index.php\/grupos-de-pesquisa-e-extensao\/#breadcrumb\",\"itemListElement\":[{\"@type\":\"ListItem\",\"position\":1,\"name\":\"Home\",\"item\":\"https:\/\/dep.ufscar.br\/\"},{\"@type\":\"ListItem\",\"position\":2,\"name\":\"PESQUISA E EXTENS\\u00c3O &#8211; Grupos\"}]}]}<\/script>\n<!-- \/ Yoast SEO plugin. -->","yoast_head_json":{"title":"Grupos e Extens\u00e3o Dep de Engenharia de Produ\u00e7\u00e3o (DEP) - UFSCar","description":"O Departamento de Engenharia de Produ\u00e7\u00e3o da UFSCAR possui diversos grupos de Pesquisa e Extens\u00e3o. Saiba quais s\u00e3o e quais suas finalidades.","robots":{"index":"index","follow":"follow","max-snippet":"max-snippet:-1","max-image-preview":"max-image-preview:large","max-video-preview":"max-video-preview:-1"},"canonical":"https:\/\/dep.ufscar.br\/index.php\/grupos-de-pesquisa-e-extensao\/","og_locale":"pt_BR","og_type":"article","og_title":"Grupos e Extens\u00e3o Dep de Engenharia de Produ\u00e7\u00e3o (DEP) - UFSCar","og_description":"O Departamento de Engenharia de Produ\u00e7\u00e3o da UFSCAR possui diversos grupos de Pesquisa e Extens\u00e3o. Saiba quais s\u00e3o e quais suas finalidades.","og_url":"https:\/\/dep.ufscar.br\/index.php\/grupos-de-pesquisa-e-extensao\/","og_site_name":"DEP","article_modified_time":"2023-12-05T12:37:16+00:00","og_image":[{"width":300,"height":200,"url":"http:\/\/dep.ufscar.br\/wp-content\/uploads\/2021\/09\/log-dep-departamento-de-engenharia-ufscar-seo.jpg","path":"\/var\/www\/html\/desenvolvimento\/wp-content\/uploads\/2021\/09\/log-dep-departamento-de-engenharia-ufscar-seo.jpg","size":"full","id":"4900","alt":"","pixels":60000,"type":"image\/jpeg"}],"twitter_card":"summary_large_image","twitter_misc":{"Est. tempo de leitura":"13 minutos"},"schema":{"@context":"https:\/\/schema.org","@graph":[{"@type":"WebSite","@id":"https:\/\/dep.ufscar.br\/#website","url":"https:\/\/dep.ufscar.br\/","name":"DEP","description":"Departamento de Engenharia de Produ\u00e7\u00e3o","potentialAction":[{"@type":"SearchAction","target":{"@type":"EntryPoint","urlTemplate":"https:\/\/dep.ufscar.br\/?s={search_term_string}"},"query-input":"required name=search_term_string"}],"inLanguage":"pt-BR"},{"@type":"ImageObject","@id":"https:\/\/dep.ufscar.br\/index.php\/grupos-de-pesquisa-e-extensao\/#primaryimage","inLanguage":"pt-BR","url":"https:\/\/dep.ufscar.br\/wp-content\/uploads\/2021\/09\/log-dep-departamento-de-engenharia-ufscar-seo.jpg","contentUrl":"https:\/\/dep.ufscar.br\/wp-content\/uploads\/2021\/09\/log-dep-departamento-de-engenharia-ufscar-seo.jpg","width":300,"height":200},{"@type":"WebPage","@id":"https:\/\/dep.ufscar.br\/index.php\/grupos-de-pesquisa-e-extensao\/#webpage","url":"https:\/\/dep.ufscar.br\/index.php\/grupos-de-pesquisa-e-extensao\/","name":"Grupos e Extens\u00e3o Dep de Engenharia de Produ\u00e7\u00e3o (DEP) - UFSCar","isPartOf":{"@id":"https:\/\/dep.ufscar.br\/#website"},"datePublished":"2021-07-16T15:13:07+00:00","dateModified":"2023-12-05T12:37:16+00:00","description":"O Departamento de Engenharia de Produ\u00e7\u00e3o da UFSCAR possui diversos grupos de Pesquisa e Extens\u00e3o. Saiba quais s\u00e3o e quais suas finalidades.","breadcrumb":{"@id":"https:\/\/dep.ufscar.br\/index.php\/grupos-de-pesquisa-e-extensao\/#breadcrumb"},"inLanguage":"pt-BR","potentialAction":[{"@type":"ReadAction","target":["https:\/\/dep.ufscar.br\/index.php\/grupos-de-pesquisa-e-extensao\/"]}]},{"@type":"BreadcrumbList","@id":"https:\/\/dep.ufscar.br\/index.php\/grupos-de-pesquisa-e-extensao\/#breadcrumb","itemListElement":[{"@type":"ListItem","position":1,"name":"Home","item":"https:\/\/dep.ufscar.br\/"},{"@type":"ListItem","position":2,"name":"PESQUISA E EXTENS\u00c3O &#8211; Grupos"}]}]}},"_links":{"self":[{"href":"https:\/\/dep.ufscar.br\/index.php\/wp-json\/wp\/v2\/pages\/3524"}],"collection":[{"href":"https:\/\/dep.ufscar.br\/index.php\/wp-json\/wp\/v2\/pages"}],"about":[{"href":"https:\/\/dep.ufscar.br\/index.php\/wp-json\/wp\/v2\/types\/page"}],"author":[{"embeddable":true,"href":"https:\/\/dep.ufscar.br\/index.php\/wp-json\/wp\/v2\/users\/1"}],"replies":[{"embeddable":true,"href":"https:\/\/dep.ufscar.br\/index.php\/wp-json\/wp\/v2\/comments?post=3524"}],"version-history":[{"count":181,"href":"https:\/\/dep.ufscar.br\/index.php\/wp-json\/wp\/v2\/pages\/3524\/revisions"}],"predecessor-version":[{"id":5816,"href":"https:\/\/dep.ufscar.br\/index.php\/wp-json\/wp\/v2\/pages\/3524\/revisions\/5816"}],"wp:attachment":[{"href":"https:\/\/dep.ufscar.br\/index.php\/wp-json\/wp\/v2\/media?parent=3524"}],"wp:term":[{"taxonomy":"category","embeddable":true,"href":"https:\/\/dep.ufscar.br\/index.php\/wp-json\/wp\/v2\/categories?post=3524"},{"taxonomy":"post_tag","embeddable":true,"href":"https:\/\/dep.ufscar.br\/index.php\/wp-json\/wp\/v2\/tags?post=3524"}],"curies":[{"name":"wp","href":"https:\/\/api.w.org\/{rel}","templated":true}]}}