{"id":3427,"date":"2021-07-07T17:53:47","date_gmt":"2021-07-07T20:53:47","guid":{"rendered":"http:\/\/desenvolvimento.dep.ufscar.br\/?page_id=3427"},"modified":"2021-09-27T18:46:51","modified_gmt":"2021-09-27T21:46:51","slug":"graduacao-curso","status":"publish","type":"page","link":"https:\/\/dep.ufscar.br\/index.php\/graduacao-curso\/","title":{"rendered":"GRADUA\u00c7\u00c3O &#8211; Curso"},"content":{"rendered":"<p>[vc_row rt_row_background_width=&#8221;fullwidth&#8221; rt_row_content_width=&#8221;default&#8221; rt_row_style=&#8221;alt-style-2&#8243; rt_column_placement=&#8221;middle&#8221; rt_row_borders=&#8221;&#8221; rt_row_shadows=&#8221;&#8221; rt_row_paddings=&#8221;true&#8221; rt_bg_effect=&#8221;classic&#8221; rt_bg_image_repeat=&#8221;repeat&#8221; rt_bg_size=&#8221;cover&#8221; rt_bg_position=&#8221;center top&#8221; rt_bg_attachment=&#8221;scroll&#8221; rt_bg_video_format=&#8221;youtube&#8221; rt_padding_top=&#8221;60&#8243; rt_bg_image=&#8221;5155&#8243; rt_row_height=&#8221;450&#8243; rt_bg_overlay_color=&#8221;rgba(0,0,0,0.2)&#8221;][vc_column rt_column_shadow=&#8221;&#8221; rt_bg_image_repeat=&#8221;repeat&#8221; rt_bg_size=&#8221;auto auto&#8221; rt_bg_attachment=&#8221;scroll&#8221; rt_bg_color=&#8221;&#8221; rt_bg_overlay_color=&#8221;&#8221; rt_padding_top=&#8221;140&#8243;]<div class=\"rt_heading_wrapper style-1\">\n\t\t\t\t\t\t<h1 class=\"rt_heading texto-sombra with_punchline style-1\" ><span class=\"punchline\">GRADUA\u00c7\u00c3O<\/span>Curso<\/h1>\n\t\t\t\t\t<\/div>[\/vc_column][\/vc_row][vc_row rt_row_background_width=&#8221;fullwidth&#8221; rt_row_content_width=&#8221;default&#8221; rt_row_style=&#8221;alt-style-1&#8243; rt_row_borders=&#8221;&#8221; rt_row_shadows=&#8221;&#8221; rt_row_paddings=&#8221;true&#8221; rt_bg_effect=&#8221;classic&#8221; rt_bg_image_repeat=&#8221;repeat&#8221; rt_bg_size=&#8221;cover&#8221; rt_bg_position=&#8221;right top&#8221; rt_bg_attachment=&#8221;scroll&#8221; rt_bg_video_format=&#8221;self-hosted&#8221; rt_padding_top=&#8221;60&#8243; rt_padding_bottom=&#8221;0&#8243;][vc_column rt_column_shadow=&#8221;&#8221; rt_bg_image_repeat=&#8221;repeat&#8221; rt_bg_size=&#8221;auto auto&#8221; rt_bg_attachment=&#8221;scroll&#8221;]<div class=\"rt_heading_wrapper style-3\">\n\t\t\t\t\t\t<h2 class=\"rt_heading  style-3\" >O Engenheiro de Produ\u00e7\u00e3o da UFSCar est\u00e1 apto a:<\/h2>\n\t\t\t\t\t<\/div>[\/vc_column][\/vc_row][vc_row rt_row_background_width=&#8221;fullwidth&#8221; rt_row_content_width=&#8221;default&#8221; rt_row_style=&#8221;alt-style-1&#8243; rt_column_placement=&#8221;bottom&#8221; rt_row_borders=&#8221;bottom&#8221; rt_row_shadows=&#8221;bottom&#8221; rt_row_paddings=&#8221;true&#8221; rt_bg_effect=&#8221;classic&#8221; rt_bg_image_repeat=&#8221;no-repeat&#8221; rt_bg_size=&#8221;cover&#8221; rt_bg_position=&#8221;center bottom&#8221; rt_bg_attachment=&#8221;fixed&#8221; rt_bg_video_format=&#8221;self-hosted&#8221; rt_grid=&#8221;true&#8221; rt_padding_bottom=&#8221;0&#8243;][vc_column width=&#8221;5\/12&#8243; rt_column_shadow=&#8221;&#8221; rt_bg_image_repeat=&#8221;repeat&#8221; rt_bg_size=&#8221;auto auto&#8221; rt_bg_attachment=&#8221;scroll&#8221; rt_bg_color=&#8221;&#8221; rt_bg_overlay_color=&#8221;&#8221; rt_padding_bottom=&#8221;0&#8243; rt_margin_bottom=&#8221;0&#8243;][vc_single_image image=&#8221;5168&#8243; img_size=&#8221;full&#8221; alignment=&#8221;center&#8221; css_animation=&#8221;fadeInUp&#8221;][\/vc_column][vc_column width=&#8221;7\/12&#8243; rt_column_shadow=&#8221;&#8221; rt_bg_image_repeat=&#8221;repeat&#8221; rt_bg_size=&#8221;auto auto&#8221; rt_bg_attachment=&#8221;scroll&#8221; rt_bg_color=&#8221;&#8221; rt_bg_overlay_color=&#8221;&#8221;][vc_empty_space height=&#8221;80px&#8221; el_class=&#8221;d-mobile&#8221;][vc_column_text]<\/p>\n<ul>\n<li style=\"text-align: justify;\">dimensionar e integrar recursos f\u00edsicos, humanos e financeiros a fim de produzir, com efici\u00eancia e ao menor custo, considerando a possibilidade de melhorias cont\u00ednuas;<\/li>\n<li style=\"text-align: justify;\">utilizar ferramental matem\u00e1tico e estat\u00edstico para modelar sistemas de produ\u00e7\u00e3o e auxiliar na tomada de decis\u00f5es;<\/li>\n<li style=\"text-align: justify;\">projetar, implementar e aperfei\u00e7oar sistemas, produtos e processos, levando em considera\u00e7\u00e3o os limites e as caracter\u00edsticas das comunidades envolvidas;<\/li>\n<li style=\"text-align: justify;\">prever e analisar demandas, selecionar conhecimento cient\u00edfico e tecnol\u00f3gico, projetando produtos ou melhorando suas caracter\u00edsticas e funcionalidades;<\/li>\n<li style=\"text-align: justify;\">incorporar conceitos e t\u00e9cnicas da qualidade em todo o sistema produtivo, tanto nos seus aspectos tecnol\u00f3gicos quanto organizacionais, aprimorando produtos e produzindo normas e procedimentos de controle e auditoria;<\/li>\n<li style=\"text-align: justify;\">acompanhar os avan\u00e7os tecnol\u00f3gicos, organizando-os e colocando-os a servi\u00e7o da demanda das empresas e da sociedade;<\/li>\n<li style=\"text-align: justify;\">compreender a inter-rela\u00e7\u00e3o dos sistemas de produ\u00e7\u00e3o com o meio ambiente, tanto no que se refere \u00e0 utiliza\u00e7\u00e3o de recursos escassos &#8211; quanto \u00e0 disposi\u00e7\u00e3o final de res\u00edduos e rejeitos, atentando para a exig\u00eancia de sustentabilidade;<\/li>\n<li style=\"text-align: justify;\">gerenciar e otimizar o fluxo de informa\u00e7\u00e3o nas empresas, utilizando tecnologias adequadas.<\/li>\n<\/ul>\n<p>[\/vc_column_text][vc_empty_space height=&#8221;50px&#8221;][\/vc_column][\/vc_row][vc_row rt_row_background_width=&#8221;fullwidth&#8221; rt_row_content_width=&#8221;default&#8221; rt_row_style=&#8221;default-style&#8221; rt_row_borders=&#8221;&#8221; rt_row_shadows=&#8221;&#8221; rt_row_paddings=&#8221;true&#8221; rt_bg_effect=&#8221;classic&#8221; rt_bg_image_repeat=&#8221;repeat&#8221; rt_bg_size=&#8221;cover&#8221; rt_bg_position=&#8221;right top&#8221; rt_bg_attachment=&#8221;scroll&#8221; rt_bg_video_format=&#8221;self-hosted&#8221; rt_grid=&#8221;true&#8221; rt_padding_bottom=&#8221;60&#8243; class=&#8221;d-desktop&#8221;][vc_column width=&#8221;1\/3&#8243; rt_column_shadow=&#8221;&#8221; rt_bg_image_repeat=&#8221;repeat&#8221; rt_bg_size=&#8221;auto auto&#8221; rt_bg_attachment=&#8221;scroll&#8221; rt_bg_color=&#8221;&#8221; rt_bg_overlay_color=&#8221;&#8221; rt_margin_top=&#8221;-80&#8243; offset=&#8221;vc_hidden-sm vc_hidden-xs&#8221;]<article  class=\"icon-content-box content-box icon-top icon-style-3\"><div class=\"icon-holder\"><span class=\"icon-calendar\"><\/span><\/div><div class=\"text-holder\"><h6 class=\"heading\">REGIME ESCOLAR<\/h6> <\/div><\/article>[vc_column_text]<\/p>\n<p style=\"text-align: center;\"><span style=\"font-size: 12pt;\">SEMESTRAL<\/span><\/p>\n<p>[\/vc_column_text][\/vc_column][vc_column width=&#8221;1\/3&#8243; rt_column_shadow=&#8221;&#8221; rt_bg_image_repeat=&#8221;repeat&#8221; rt_bg_size=&#8221;auto auto&#8221; rt_bg_attachment=&#8221;scroll&#8221; rt_margin_top=&#8221;-80&#8243; rt_bg_color=&#8221;&#8221; rt_bg_overlay_color=&#8221;&#8221; offset=&#8221;vc_hidden-sm vc_hidden-xs&#8221;]<article  class=\"icon-content-box content-box icon-top icon-style-3\"><div class=\"icon-holder\"><span class=\"icon-certificate\"><\/span><\/div><div class=\"text-holder\"><h6 class=\"heading\">TURNO DE FUNCIONAMENTO<\/h6> <\/div><\/article>[vc_column_text]<\/p>\n<p style=\"text-align: center;\"><span style=\"font-size: 12pt;\">DIURNO<\/span><\/p>\n<p>[\/vc_column_text][\/vc_column][vc_column width=&#8221;1\/3&#8243; rt_column_shadow=&#8221;&#8221; rt_bg_image_repeat=&#8221;repeat&#8221; rt_bg_size=&#8221;auto auto&#8221; rt_bg_attachment=&#8221;scroll&#8221; rt_margin_top=&#8221;-80&#8243; rt_bg_color=&#8221;&#8221; rt_bg_overlay_color=&#8221;&#8221; offset=&#8221;vc_hidden-sm vc_hidden-xs&#8221;]<article  class=\"icon-content-box content-box icon-top icon-style-3\"><div class=\"icon-holder\"><span class=\"icon-line-clock\"><\/span><\/div><div class=\"text-holder\"><h6 class=\"heading\">HOR\u00c1RIO<\/h6> <\/div><\/article>[vc_column_text]<\/p>\n<p style=\"text-align: center;\"><span style=\"font-size: 12pt;\">2\u00aa A 6\u00aa-FEIRA (8hs -18hs)<\/span><\/p>\n<p>[\/vc_column_text][\/vc_column][\/vc_row][vc_row rt_row_background_width=&#8221;fullwidth&#8221; rt_row_content_width=&#8221;default&#8221; rt_row_style=&#8221;default-style&#8221; rt_row_borders=&#8221;&#8221; rt_row_shadows=&#8221;&#8221; rt_row_paddings=&#8221;true&#8221; rt_bg_effect=&#8221;classic&#8221; rt_bg_image_repeat=&#8221;repeat&#8221; rt_bg_size=&#8221;cover&#8221; rt_bg_position=&#8221;right top&#8221; rt_bg_attachment=&#8221;scroll&#8221; rt_bg_video_format=&#8221;self-hosted&#8221; rt_grid=&#8221;true&#8221; rt_padding_bottom=&#8221;60&#8243; class=&#8221;d-mobile&#8221;][vc_column width=&#8221;1\/3&#8243; rt_column_shadow=&#8221;&#8221; rt_bg_image_repeat=&#8221;repeat&#8221; rt_bg_size=&#8221;auto auto&#8221; rt_bg_attachment=&#8221;scroll&#8221; rt_bg_color=&#8221;&#8221; rt_bg_overlay_color=&#8221;&#8221; rt_margin_top=&#8221;-80&#8243; offset=&#8221;vc_hidden-lg vc_hidden-md&#8221;][vc_empty_space height=&#8221;50px&#8221;]<article  class=\"icon-content-box content-box icon-top icon-style-3\"><div class=\"icon-holder\"><span class=\"icon-calendar\"><\/span><\/div><div class=\"text-holder\"><h6 class=\"heading\">REGIME ESCOLAR<\/h6> <\/div><\/article>[vc_column_text]<\/p>\n<p style=\"text-align: center;\"><span style=\"font-size: 12pt;\">SEMESTRAL<\/span><\/p>\n<p>[\/vc_column_text][\/vc_column][vc_column width=&#8221;1\/3&#8243; rt_column_shadow=&#8221;&#8221; rt_bg_image_repeat=&#8221;repeat&#8221; rt_bg_size=&#8221;auto auto&#8221; rt_bg_attachment=&#8221;scroll&#8221; rt_margin_top=&#8221;-80&#8243; rt_bg_color=&#8221;&#8221; rt_bg_overlay_color=&#8221;&#8221; offset=&#8221;vc_hidden-lg vc_hidden-md&#8221;][vc_empty_space height=&#8221;50px&#8221;]<article  class=\"icon-content-box content-box icon-top icon-style-3\"><div class=\"icon-holder\"><span class=\"icon-certificate\"><\/span><\/div><div class=\"text-holder\"><h6 class=\"heading\">TURNO DE FUNCIONAMENTO<\/h6> <\/div><\/article>[vc_column_text]<\/p>\n<p style=\"text-align: center;\"><span style=\"font-size: 12pt;\">DIURNO<\/span><\/p>\n<p>[\/vc_column_text][\/vc_column][vc_column width=&#8221;1\/3&#8243; rt_column_shadow=&#8221;&#8221; rt_bg_image_repeat=&#8221;repeat&#8221; rt_bg_size=&#8221;auto auto&#8221; rt_bg_attachment=&#8221;scroll&#8221; rt_margin_top=&#8221;-80&#8243; rt_bg_color=&#8221;&#8221; rt_bg_overlay_color=&#8221;&#8221; offset=&#8221;vc_hidden-lg vc_hidden-md&#8221;][vc_empty_space height=&#8221;50px&#8221;]<article  class=\"icon-content-box content-box icon-top icon-style-3\"><div class=\"icon-holder\"><span class=\"icon-line-clock\"><\/span><\/div><div class=\"text-holder\"><h6 class=\"heading\">HOR\u00c1RIO<\/h6> <\/div><\/article>[vc_column_text]<\/p>\n<p style=\"text-align: center;\"><span style=\"font-size: 12pt;\">2\u00aa A 6\u00aa-FEIRA (8hs -18hs)<\/span><\/p>\n<p>[\/vc_column_text][\/vc_column][\/vc_row][vc_row rt_row_background_width=&#8221;fullwidth&#8221; rt_row_content_width=&#8221;fullwidth&#8221; rt_row_style=&#8221;default-style&#8221; rt_row_borders=&#8221;bottom&#8221; rt_row_shadows=&#8221;bottom&#8221; rt_column_view=&#8221;grid&#8221; rt_row_paddings=&#8221;true&#8221; rt_bg_effect=&#8221;classic&#8221; rt_bg_image_repeat=&#8221;repeat&#8221; rt_bg_size=&#8221;cover&#8221; rt_bg_position=&#8221;right top&#8221; rt_bg_attachment=&#8221;scroll&#8221; rt_bg_video_format=&#8221;self-hosted&#8221; rt_padding_bottom=&#8221;60&#8243; rt_padding_left=&#8221;50&#8243; rt_padding_right=&#8221;50&#8243;][vc_column width=&#8221;1\/5&#8243; rt_column_shadow=&#8221;&#8221; rt_bg_image_repeat=&#8221;repeat&#8221; rt_bg_size=&#8221;auto auto&#8221; rt_bg_attachment=&#8221;scroll&#8221;]<div  class=\"rt_counter\"><span class=\"number\">100<\/span><\/div>[vc_empty_space height=&#8221;10px&#8221;][vc_column_text]<\/p>\n<p style=\"text-align: center;\">N\u00famero de vagas anuais<\/p>\n<p>[\/vc_column_text][\/vc_column][vc_column width=&#8221;1\/5&#8243; rt_column_shadow=&#8221;&#8221; rt_bg_image_repeat=&#8221;repeat&#8221; rt_bg_size=&#8221;auto auto&#8221; rt_bg_attachment=&#8221;scroll&#8221;]<div  class=\"rt_counter\"><span class=\"number\">10<\/span><\/div>[vc_empty_space height=&#8221;10px&#8221;][vc_column_text]<\/p>\n<p style=\"text-align: center;\">SEMESTRES &#8211; Integra\u00e7\u00e3o Curricular prevista (IC)<\/p>\n<p>[\/vc_column_text][\/vc_column][vc_column width=&#8221;1\/5&#8243; rt_column_shadow=&#8221;&#8221; rt_bg_image_repeat=&#8221;repeat&#8221; rt_bg_size=&#8221;auto auto&#8221; rt_bg_attachment=&#8221;scroll&#8221;]<div  class=\"rt_counter\"><span class=\"number\">18<\/span><\/div>[vc_empty_space height=&#8221;10px&#8221;][vc_column_text]<\/p>\n<p style=\"text-align: center;\">SEMESTRES &#8211; Prazo m\u00e1ximo para a IC<\/p>\n<p>[\/vc_column_text][\/vc_column][vc_column width=&#8221;1\/5&#8243; rt_column_shadow=&#8221;&#8221; rt_bg_image_repeat=&#8221;repeat&#8221; rt_bg_size=&#8221;auto auto&#8221; rt_bg_attachment=&#8221;scroll&#8221;]<div  class=\"rt_counter\"><span class=\"number\">264<\/span><\/div>[vc_empty_space height=&#8221;10px&#8221;][vc_column_text]<\/p>\n<p style=\"text-align: center;\">Sendo 250 cr\u00e9ditos de aula + 12 cr\u00e9ditos de Est\u00e1gio Supervisionado + 02 cr\u00e9ditos de Optativas ou Atividade Complementar<\/p>\n<p>[\/vc_column_text][\/vc_column][vc_column width=&#8221;1\/5&#8243; rt_column_shadow=&#8221;&#8221; rt_bg_image_repeat=&#8221;repeat&#8221; rt_bg_size=&#8221;auto auto&#8221; rt_bg_attachment=&#8221;scroll&#8221;]<div  class=\"rt_counter\"><span class=\"number\">3960<\/span><\/div>[vc_empty_space height=&#8221;10px&#8221;][vc_column_text]<\/p>\n<p style=\"text-align: center;\">Sendo 3750 horas\/aula + 180 horas de Est\u00e1gio + 30 horas\/aula de Disciplinas Optativas\/Atividade Complementar<\/p>\n<p>[\/vc_column_text][\/vc_column][\/vc_row][vc_row rt_row_background_width=&#8221;fullwidth&#8221; rt_row_content_width=&#8221;default&#8221; rt_row_style=&#8221;alt-style-1&#8243; rt_row_borders=&#8221;&#8221; rt_row_shadows=&#8221;&#8221; rt_column_view=&#8221;equal_heights&#8221; rt_row_paddings=&#8221;true&#8221; id=&#8221;contents&#8221; rt_bg_effect=&#8221;classic&#8221; rt_bg_image_repeat=&#8221;repeat&#8221; rt_bg_size=&#8221;cover&#8221; rt_bg_position=&#8221;right top&#8221; rt_bg_attachment=&#8221;scroll&#8221; rt_bg_video_format=&#8221;self-hosted&#8221; rt_padding_top=&#8221;60&#8243; rt_padding_bottom=&#8221;0&#8243;][vc_column width=&#8221;1\/2&#8243; rt_column_shadow=&#8221;&#8221; rt_bg_image_repeat=&#8221;repeat&#8221; rt_bg_size=&#8221;auto auto&#8221; rt_bg_attachment=&#8221;scroll&#8221; rt_padding_top=&#8221;40&#8243; rt_padding_bottom=&#8221;40&#8243; rt_padding_left=&#8221;40&#8243; rt_padding_right=&#8221;40&#8243; rt_bg_color=&#8221;&#8221; rt_bg_overlay_color=&#8221;&#8221;]<div class=\"rt_heading_wrapper style-1\">\n\t\t\t\t\t\t<h4 class=\"rt_heading  style-1\" >Perfil, Compet\u00eancia e Habilidades<\/h4>\n\t\t\t\t\t<\/div>[vc_column_text]<\/p>\n<p style=\"text-align: justify;\">A revis\u00e3o cr\u00edtica das proposi\u00e7\u00f5es do que \u00e9 um engenheiro de produ\u00e7\u00e3o segundo o Minist\u00e9rio da Educa\u00e7\u00e3o e Cultura (MEC), a Associa\u00e7\u00e3o Brasileira de Engenharia de Produ\u00e7\u00e3o (ABEPRO) e o CREA-SP, conduziu ao perfil desejado para o egresso do curso de Engenharia de Produ\u00e7\u00e3o da UFSCar nos seguintes termos:<\/p>\n<p style=\"text-align: justify;\">\u201c<em>Um profissional com s\u00f3lida forma\u00e7\u00e3o cient\u00edfica e profissional geral que o capacite a identificar, formular e solucionar problemas ligados \u00e0s atividades de projeto, opera\u00e7\u00e3o e gerenciamento do trabalho e de sistemas de produ\u00e7\u00e3o de bens e\/ou servi\u00e7os, considerando seus aspectos humanos, econ\u00f4micos, sociais e ambientais, com vis\u00e3o \u00e9tica e humanista em atendimento \u00e0s demandas da sociedade. Esse profissional deve ser criativo e flex\u00edvel, ter esp\u00edrito cr\u00edtico, iniciativa, capacidade de julgamento e tomada de decis\u00e3o, ser apto a coordenar e atuar em equipes multidisciplinares, ter habilidade em comunica\u00e7\u00e3o oral e escrita e saber valorizar a forma\u00e7\u00e3o continuada<\/em>\u201d..<\/p>\n<p>[\/vc_column_text][\/vc_column][vc_column width=&#8221;1\/2&#8243; rt_column_shadow=&#8221;true&#8221; rt_bg_image=&#8221;5178&#8243; rt_bg_image_repeat=&#8221;repeat&#8221; rt_bg_size=&#8221;cover&#8221; rt_bg_attachment=&#8221;scroll&#8221; rt_bg_color=&#8221;&#8221; rt_padding_top=&#8221;0&#8243; rt_padding_bottom=&#8221;0&#8243; rt_padding_left=&#8221;0&#8243; rt_padding_right=&#8221;0&#8243; rt_bg_overlay_color=&#8221;&#8221; rt_min_height=&#8221;400&#8243;][\/vc_column][\/vc_row][vc_row rt_row_background_width=&#8221;fullwidth&#8221; rt_row_content_width=&#8221;default&#8221; rt_row_style=&#8221;alt-style-1&#8243; rt_row_borders=&#8221;&#8221; rt_row_shadows=&#8221;&#8221; rt_column_view=&#8221;equal_heights&#8221; rt_row_paddings=&#8221;true&#8221; rt_bg_effect=&#8221;classic&#8221; rt_bg_image_repeat=&#8221;repeat&#8221; rt_bg_size=&#8221;cover&#8221; rt_bg_position=&#8221;right top&#8221; rt_bg_attachment=&#8221;scroll&#8221; rt_bg_video_format=&#8221;self-hosted&#8221; rt_padding_top=&#8221;0&#8243; rt_padding_bottom=&#8221;60&#8243;][vc_column width=&#8221;1\/2&#8243; rt_column_shadow=&#8221;true&#8221; rt_bg_image=&#8221;5179&#8243; rt_bg_image_repeat=&#8221;repeat&#8221; rt_bg_size=&#8221;cover&#8221; rt_bg_attachment=&#8221;scroll&#8221; rt_bg_color=&#8221;&#8221; rt_min_height=&#8221;400&#8243; rt_bg_overlay_color=&#8221;&#8221;][\/vc_column][vc_column width=&#8221;1\/2&#8243; rt_column_shadow=&#8221;&#8221; rt_bg_image_repeat=&#8221;repeat&#8221; rt_bg_size=&#8221;auto auto&#8221; rt_bg_attachment=&#8221;scroll&#8221; rt_padding_top=&#8221;40&#8243; rt_padding_bottom=&#8221;40&#8243; rt_padding_left=&#8221;40&#8243; rt_padding_right=&#8221;40&#8243; rt_bg_color=&#8221;&#8221; rt_bg_overlay_color=&#8221;&#8221;]<div class=\"rt_heading_wrapper style-1\">\n\t\t\t\t\t\t<h4 class=\"rt_heading  style-1\" >Por que ser um profissional de Engenharia de Produ\u00e7\u00e3o?<\/h4>\n\t\t\t\t\t<\/div>[vc_column_text]<\/p>\n<p style=\"text-align: justify;\">O pro\ufb01ssional de EP possui um amplo conjunto de compet\u00eancias e habilidades, al\u00e9m de posturas e atitudes espelhadas no mercado de trabalho e no conhecimento cient\u00ed\ufb01co, fundamentais para o desempenho daqueles que frequentemente integram e coordenam grandes equipes multidisciplinares.<\/p>\n<p style=\"text-align: justify;\">Esse conjunto de conhecimentos inclui desde as \u00e1reas mais cl\u00e1ssicas da Engenharia de Produ\u00e7\u00e3o at\u00e9 novos campos da gest\u00e3o empresarial, passando por uma s\u00f3lida base de conhecimentos cient\u00ed\ufb01cos e tecnol\u00f3gicos que permitem ao pro\ufb01ssional formado atuar nas mais diversas atividades gerenciais, ampliando seu espectro de compet\u00eancias. Por esses motivos, muitos pro\ufb01ssionais com essa forma\u00e7\u00e3o, ao longo de suas carreiras, assumem postos de alta dire\u00e7\u00e3o na hierarquia empresarial.<\/p>\n<p>[\/vc_column_text][\/vc_column][\/vc_row]<\/p>\n","protected":false},"excerpt":{"rendered":"<p>[vc_row rt_row_background_width=&#8221;fullwidth&#8221; rt_row_content_width=&#8221;default&#8221; rt_row_style=&#8221;alt-style-2&#8243; rt_column_placement=&#8221;middle&#8221; rt_row_borders=&#8221;&#8221; rt_row_shadows=&#8221;&#8221; rt_row_paddings=&#8221;true&#8221; rt_bg_effect=&#8221;classic&#8221; rt_bg_image_repeat=&#8221;repeat&#8221; rt_bg_size=&#8221;cover&#8221; rt_bg_position=&#8221;center top&#8221; rt_bg_attachment=&#8221;scroll&#8221; rt_bg_video_format=&#8221;youtube&#8221; rt_padding_top=&#8221;60&#8243; rt_bg_image=&#8221;5155&#8243; rt_row_height=&#8221;450&#8243; rt_bg_overlay_color=&#8221;rgba(0,0,0,0.2)&#8221;][vc_column rt_column_shadow=&#8221;&#8221; rt_bg_image_repeat=&#8221;repeat&#8221; rt_bg_size=&#8221;auto auto&#8221; rt_bg_attachment=&#8221;scroll&#8221; rt_bg_color=&#8221;&#8221; rt_bg_overlay_color=&#8221;&#8221; rt_padding_top=&#8221;140&#8243;][\/vc_column][\/vc_row][vc_row rt_row_background_width=&#8221;fullwidth&#8221; rt_row_content_width=&#8221;default&#8221; rt_row_style=&#8221;alt-style-1&#8243; rt_row_borders=&#8221;&#8221; rt_row_shadows=&#8221;&#8221; rt_row_paddings=&#8221;true&#8221; rt_bg_effect=&#8221;classic&#8221; rt_bg_image_repeat=&#8221;repeat&#8221; rt_bg_size=&#8221;cover&#8221; rt_bg_position=&#8221;right top&#8221; rt_bg_attachment=&#8221;scroll&#8221; rt_bg_video_format=&#8221;self-hosted&#8221; rt_padding_top=&#8221;60&#8243; rt_padding_bottom=&#8221;0&#8243;][vc_column rt_column_shadow=&#8221;&#8221; rt_bg_image_repeat=&#8221;repeat&#8221; rt_bg_size=&#8221;auto auto&#8221; rt_bg_attachment=&#8221;scroll&#8221;][\/vc_column][\/vc_row][vc_row rt_row_background_width=&#8221;fullwidth&#8221; rt_row_content_width=&#8221;default&#8221; rt_row_style=&#8221;alt-style-1&#8243; rt_column_placement=&#8221;bottom&#8221; rt_row_borders=&#8221;bottom&#8221; rt_row_shadows=&#8221;bottom&#8221; rt_row_paddings=&#8221;true&#8221; rt_bg_effect=&#8221;classic&#8221; &#8230; <a class=\"more-link\" href=\"https:\/\/dep.ufscar.br\/index.php\/graduacao-curso\/\">Leia mais<\/a><\/p>\n","protected":false},"author":1,"featured_media":0,"parent":0,"menu_order":0,"comment_status":"closed","ping_status":"closed","template":"","meta":[],"categories":[],"tags":[],"yoast_head":"<!-- This site is optimized with the Yoast SEO plugin v17.0 - https:\/\/yoast.com\/wordpress\/plugins\/seo\/ -->\n<title>Cursos de Gradua\u00e7\u00e3o Dep de Engenharia de Produ\u00e7\u00e3o (DEP) - UFSCar<\/title>\n<meta name=\"description\" content=\"Descubra como \u00e9 o curso de Engenharia de Produ\u00e7\u00e3o, sua import\u00e2ncia no mercado atual e porque se tornar um Engenheiro de Produ\u00e7\u00e3o.\" \/>\n<meta name=\"robots\" content=\"index, follow, max-snippet:-1, max-image-preview:large, max-video-preview:-1\" \/>\n<link rel=\"canonical\" href=\"https:\/\/dep.ufscar.br\/index.php\/graduacao-curso\/\" \/>\n<meta property=\"og:locale\" content=\"pt_BR\" \/>\n<meta property=\"og:type\" content=\"article\" \/>\n<meta property=\"og:title\" content=\"Cursos de Gradua\u00e7\u00e3o Dep de Engenharia de Produ\u00e7\u00e3o (DEP) - UFSCar\" \/>\n<meta property=\"og:description\" content=\"Descubra como \u00e9 o curso de Engenharia de Produ\u00e7\u00e3o, sua import\u00e2ncia no mercado atual e porque se tornar um Engenheiro de Produ\u00e7\u00e3o.\" \/>\n<meta property=\"og:url\" content=\"https:\/\/dep.ufscar.br\/index.php\/graduacao-curso\/\" \/>\n<meta property=\"og:site_name\" content=\"DEP\" \/>\n<meta property=\"article:modified_time\" content=\"2021-09-27T21:46:51+00:00\" \/>\n<meta property=\"og:image\" content=\"http:\/\/dep.ufscar.br\/wp-content\/uploads\/2021\/09\/log-dep-departamento-de-engenharia-ufscar-seo.jpg\" \/>\n\t<meta property=\"og:image:width\" content=\"300\" \/>\n\t<meta property=\"og:image:height\" content=\"200\" \/>\n<meta name=\"twitter:card\" content=\"summary_large_image\" \/>\n<meta name=\"twitter:label1\" content=\"Est. tempo de leitura\" \/>\n\t<meta name=\"twitter:data1\" content=\"4 minutos\" \/>\n<script type=\"application\/ld+json\" class=\"yoast-schema-graph\">{\"@context\":\"https:\/\/schema.org\",\"@graph\":[{\"@type\":\"WebSite\",\"@id\":\"https:\/\/dep.ufscar.br\/#website\",\"url\":\"https:\/\/dep.ufscar.br\/\",\"name\":\"DEP\",\"description\":\"Departamento de Engenharia de Produ\\u00e7\\u00e3o\",\"potentialAction\":[{\"@type\":\"SearchAction\",\"target\":{\"@type\":\"EntryPoint\",\"urlTemplate\":\"https:\/\/dep.ufscar.br\/?s={search_term_string}\"},\"query-input\":\"required name=search_term_string\"}],\"inLanguage\":\"pt-BR\"},{\"@type\":\"ImageObject\",\"@id\":\"https:\/\/dep.ufscar.br\/index.php\/graduacao-curso\/#primaryimage\",\"inLanguage\":\"pt-BR\",\"url\":\"https:\/\/dep.ufscar.br\/wp-content\/uploads\/2021\/09\/log-dep-departamento-de-engenharia-ufscar-seo.jpg\",\"contentUrl\":\"https:\/\/dep.ufscar.br\/wp-content\/uploads\/2021\/09\/log-dep-departamento-de-engenharia-ufscar-seo.jpg\",\"width\":300,\"height\":200},{\"@type\":\"WebPage\",\"@id\":\"https:\/\/dep.ufscar.br\/index.php\/graduacao-curso\/#webpage\",\"url\":\"https:\/\/dep.ufscar.br\/index.php\/graduacao-curso\/\",\"name\":\"Cursos de Gradua\\u00e7\\u00e3o Dep de Engenharia de Produ\\u00e7\\u00e3o (DEP) - UFSCar\",\"isPartOf\":{\"@id\":\"https:\/\/dep.ufscar.br\/#website\"},\"datePublished\":\"2021-07-07T20:53:47+00:00\",\"dateModified\":\"2021-09-27T21:46:51+00:00\",\"description\":\"Descubra como \\u00e9 o curso de Engenharia de Produ\\u00e7\\u00e3o, sua import\\u00e2ncia no mercado atual e porque se tornar um Engenheiro de Produ\\u00e7\\u00e3o.\",\"breadcrumb\":{\"@id\":\"https:\/\/dep.ufscar.br\/index.php\/graduacao-curso\/#breadcrumb\"},\"inLanguage\":\"pt-BR\",\"potentialAction\":[{\"@type\":\"ReadAction\",\"target\":[\"https:\/\/dep.ufscar.br\/index.php\/graduacao-curso\/\"]}]},{\"@type\":\"BreadcrumbList\",\"@id\":\"https:\/\/dep.ufscar.br\/index.php\/graduacao-curso\/#breadcrumb\",\"itemListElement\":[{\"@type\":\"ListItem\",\"position\":1,\"name\":\"Home\",\"item\":\"https:\/\/dep.ufscar.br\/\"},{\"@type\":\"ListItem\",\"position\":2,\"name\":\"GRADUA\\u00c7\\u00c3O &#8211; Curso\"}]}]}<\/script>\n<!-- \/ Yoast SEO plugin. -->","yoast_head_json":{"title":"Cursos de Gradua\u00e7\u00e3o Dep de Engenharia de Produ\u00e7\u00e3o (DEP) - UFSCar","description":"Descubra como \u00e9 o curso de Engenharia de Produ\u00e7\u00e3o, sua import\u00e2ncia no mercado atual e porque se tornar um Engenheiro de Produ\u00e7\u00e3o.","robots":{"index":"index","follow":"follow","max-snippet":"max-snippet:-1","max-image-preview":"max-image-preview:large","max-video-preview":"max-video-preview:-1"},"canonical":"https:\/\/dep.ufscar.br\/index.php\/graduacao-curso\/","og_locale":"pt_BR","og_type":"article","og_title":"Cursos de Gradua\u00e7\u00e3o Dep de Engenharia de Produ\u00e7\u00e3o (DEP) - UFSCar","og_description":"Descubra como \u00e9 o curso de Engenharia de Produ\u00e7\u00e3o, sua import\u00e2ncia no mercado atual e porque se tornar um Engenheiro de Produ\u00e7\u00e3o.","og_url":"https:\/\/dep.ufscar.br\/index.php\/graduacao-curso\/","og_site_name":"DEP","article_modified_time":"2021-09-27T21:46:51+00:00","og_image":[{"width":300,"height":200,"url":"http:\/\/dep.ufscar.br\/wp-content\/uploads\/2021\/09\/log-dep-departamento-de-engenharia-ufscar-seo.jpg","path":"\/var\/www\/html\/desenvolvimento\/wp-content\/uploads\/2021\/09\/log-dep-departamento-de-engenharia-ufscar-seo.jpg","size":"full","id":"4900","alt":"","pixels":60000,"type":"image\/jpeg"}],"twitter_card":"summary_large_image","twitter_misc":{"Est. tempo de leitura":"4 minutos"},"schema":{"@context":"https:\/\/schema.org","@graph":[{"@type":"WebSite","@id":"https:\/\/dep.ufscar.br\/#website","url":"https:\/\/dep.ufscar.br\/","name":"DEP","description":"Departamento de Engenharia de Produ\u00e7\u00e3o","potentialAction":[{"@type":"SearchAction","target":{"@type":"EntryPoint","urlTemplate":"https:\/\/dep.ufscar.br\/?s={search_term_string}"},"query-input":"required name=search_term_string"}],"inLanguage":"pt-BR"},{"@type":"ImageObject","@id":"https:\/\/dep.ufscar.br\/index.php\/graduacao-curso\/#primaryimage","inLanguage":"pt-BR","url":"https:\/\/dep.ufscar.br\/wp-content\/uploads\/2021\/09\/log-dep-departamento-de-engenharia-ufscar-seo.jpg","contentUrl":"https:\/\/dep.ufscar.br\/wp-content\/uploads\/2021\/09\/log-dep-departamento-de-engenharia-ufscar-seo.jpg","width":300,"height":200},{"@type":"WebPage","@id":"https:\/\/dep.ufscar.br\/index.php\/graduacao-curso\/#webpage","url":"https:\/\/dep.ufscar.br\/index.php\/graduacao-curso\/","name":"Cursos de Gradua\u00e7\u00e3o Dep de Engenharia de Produ\u00e7\u00e3o (DEP) - UFSCar","isPartOf":{"@id":"https:\/\/dep.ufscar.br\/#website"},"datePublished":"2021-07-07T20:53:47+00:00","dateModified":"2021-09-27T21:46:51+00:00","description":"Descubra como \u00e9 o curso de Engenharia de Produ\u00e7\u00e3o, sua import\u00e2ncia no mercado atual e porque se tornar um Engenheiro de Produ\u00e7\u00e3o.","breadcrumb":{"@id":"https:\/\/dep.ufscar.br\/index.php\/graduacao-curso\/#breadcrumb"},"inLanguage":"pt-BR","potentialAction":[{"@type":"ReadAction","target":["https:\/\/dep.ufscar.br\/index.php\/graduacao-curso\/"]}]},{"@type":"BreadcrumbList","@id":"https:\/\/dep.ufscar.br\/index.php\/graduacao-curso\/#breadcrumb","itemListElement":[{"@type":"ListItem","position":1,"name":"Home","item":"https:\/\/dep.ufscar.br\/"},{"@type":"ListItem","position":2,"name":"GRADUA\u00c7\u00c3O &#8211; Curso"}]}]}},"_links":{"self":[{"href":"https:\/\/dep.ufscar.br\/index.php\/wp-json\/wp\/v2\/pages\/3427"}],"collection":[{"href":"https:\/\/dep.ufscar.br\/index.php\/wp-json\/wp\/v2\/pages"}],"about":[{"href":"https:\/\/dep.ufscar.br\/index.php\/wp-json\/wp\/v2\/types\/page"}],"author":[{"embeddable":true,"href":"https:\/\/dep.ufscar.br\/index.php\/wp-json\/wp\/v2\/users\/1"}],"replies":[{"embeddable":true,"href":"https:\/\/dep.ufscar.br\/index.php\/wp-json\/wp\/v2\/comments?post=3427"}],"version-history":[{"count":112,"href":"https:\/\/dep.ufscar.br\/index.php\/wp-json\/wp\/v2\/pages\/3427\/revisions"}],"predecessor-version":[{"id":5180,"href":"https:\/\/dep.ufscar.br\/index.php\/wp-json\/wp\/v2\/pages\/3427\/revisions\/5180"}],"wp:attachment":[{"href":"https:\/\/dep.ufscar.br\/index.php\/wp-json\/wp\/v2\/media?parent=3427"}],"wp:term":[{"taxonomy":"category","embeddable":true,"href":"https:\/\/dep.ufscar.br\/index.php\/wp-json\/wp\/v2\/categories?post=3427"},{"taxonomy":"post_tag","embeddable":true,"href":"https:\/\/dep.ufscar.br\/index.php\/wp-json\/wp\/v2\/tags?post=3427"}],"curies":[{"name":"wp","href":"https:\/\/api.w.org\/{rel}","templated":true}]}}